{"id":26198,"date":"2025-01-16T11:31:13","date_gmt":"2025-01-16T18:31:13","guid":{"rendered":"https:\/\/westernlaw.org\/?page_id=26198"},"modified":"2025-01-20T10:24:38","modified_gmt":"2025-01-20T17:24:38","slug":"onward-to-the-western-horizon","status":"publish","type":"page","link":"https:\/\/westernlaw.org\/es\/onward-to-the-western-horizon\/","title":{"rendered":"Mensaje de inauguraci\u00f3n de WELC: HACIA LOS HORIZONTES OCCIDENTALES"},"content":{"rendered":"<blockquote>\n<h4 id=\"78e7\" class=\"pw-subtitle-paragraph hr gt gu bf b hs ht hu hv hw hx hy hz ia ib ic id ie if ig cq du\"><em><strong>El enfoque estrat\u00e9gico del Western Environmental Law Center ante la confluencia de las crisis pol\u00edticas, ecol\u00f3gicas y econ\u00f3micas que enfrenta Estados Unidos en la segunda era Trump<\/strong><\/em><\/h4>\n<\/blockquote>\n<div id=\"attachment_25031\" style=\"width: 220px\" class=\"wp-caption alignright\"><img loading=\"lazy\" decoding=\"async\" aria-describedby=\"caption-attachment-25031\" class=\"wp-image-25031 size-medium\" src=\"https:\/\/westernlaw.org\/wp-content\/uploads\/2023\/12\/ErikSG_CB23-8264-e1737052811776-210x300.jpg\" alt=\"Portrait of Erik Schlenker-Goodrich, Executive Director of WELC\" width=\"210\" height=\"300\" \/><p id=\"caption-attachment-25031\" class=\"wp-caption-text\"><em>Erik Schlenker-Goodrich, director ejecutivo de WELC<\/em><\/p><\/div>\n<div class=\"gn go gp gq gr\">\n<div class=\"ab cb\">\n<div class=\"ci bh fz ga gb gc\">\n<div class=\"gn go gp gq gr\">\n<div class=\"ab cb\">\n<div class=\"ci bh fz ga gb gc\">\n<p id=\"fb62\" class=\"pw-post-body-paragraph ng nh gu ni b hs nj nk nl hv nm nn no np nq nr ns nt nu nv nw nx ny nz oa ob gn bk\" data-selectable-paragraph=\"\">En este momento de profundos desaf\u00edos e incertidumbre, encuentro consuelo en las conmovedoras palabras de Terry Tempest Williams: \u201cEncontrar belleza en un mundo roto es crear belleza en el mundo que encontramos\u201d. En los pr\u00f3ximos meses y a\u00f1os, necesitaremos \u2014m\u00e1s que nunca\u2014 crear esa belleza juntos, dada la confluencia de crisis pol\u00edticas, ecol\u00f3gicas y econ\u00f3micas que nuestro pa\u00eds y el mundo enfrentan ahora.<\/p>\n<p id=\"cd39\" class=\"pw-post-body-paragraph ng nh gu ni b hs nj nk nl hv nm nn no np nq nr ns nt nu nv nw nx ny nz oa ob gn bk\" data-selectable-paragraph=\"\">Para crear belleza, no debemos dejarnos llevar por la desesperaci\u00f3n. En cambio, les pido que adopten una actitud <strong class=\"ni gv\"><em class=\"oc\">ecolog\u00eda del parentesco<\/em><\/strong> que cultiva la confianza, la dignidad y la pertenencia con los dem\u00e1s y con el mundo que nos rodea. Empiece por arraigarse en los lugares que ama. Para m\u00ed, eso significa Valle Vidal en Nuevo M\u00e9xico, un lugar secreto para nadar en familia en el Monumento Nacional del R\u00edo Grande del Norte y los jardines traseros que cuido en casa. Para usted, podr\u00eda ser un antiguo bosque verde esmeralda o la comunidad del vecindario donde vive.<\/p>\n<p id=\"f931\" class=\"pw-post-body-paragraph ng nh gu ni b hs nj nk nl hv nm nn no np nq nr ns nt nu nv nw nx ny nz oa ob gn bk\" data-selectable-paragraph=\"\">Dondequiera y lo que sea que est\u00e9n, encuentren alegr\u00eda en estos lugares, canalizando la admonici\u00f3n de Mary Oliver de que \u201cLa alegr\u00eda no est\u00e1 hecha para ser una migaja\u201d. De hecho, la alegr\u00eda es una <strong class=\"ni gv\"><em class=\"oc\">chispa<\/em><\/strong> que nos libera de las fuerzas pol\u00edticas, sociales y econ\u00f3micas destructivas que ven a las personas y al medio ambiente como meros bienes para ser explotados.<\/p>\n<p id=\"8fc4\" class=\"pw-post-body-paragraph ng nh gu ni b hs nj nk nl hv nm nn no np nq nr ns nt nu nv nw nx ny nz oa ob gn bk\" data-selectable-paragraph=\"\">S\u00e9 que esto ser\u00e1 dif\u00edcil. S\u00e9 que los pr\u00f3ximos a\u00f1os est\u00e1n plagados de peligros. Nuestro clima est\u00e1 desestabilizado y los sistemas ecol\u00f3gicos y la vida que albergan se est\u00e1n desintegrando a un ritmo alarmante.<\/p>\n<p id=\"dfac\" class=\"pw-post-body-paragraph ng nh gu ni b hs nj nk nl hv nm nn no np nq nr ns nt nu nv nw nx ny nz oa ob gn bk\" data-selectable-paragraph=\"\">Mientras escribo esto, los incendios arrasan Los \u00c1ngeles y miro por la ventana la falta de nieve en las monta\u00f1as de Sangre sobre mi casa y me siento preocupado, recordando el devastador 2022. <a class=\"af od\" href=\"https:\/\/en.wikipedia.org\/wiki\/Calf_Canyon\/Hermits_Peak_Fire\" target=\"_blank\" rel=\"noopener ugc nofollow\">Incendios en Calf Canyon y Hermits Peak<\/a> que quem\u00f3 341.471 acres del norte de Nuevo M\u00e9xico, el incendio forestal m\u00e1s grande y destructivo en la historia de mi estado. Adem\u00e1s, nuestro gobierno federal, hist\u00f3ricamente limitado por una imaginaci\u00f3n limitada, ahora est\u00e1 dirigido por un presidente autoritario que compensa su fr\u00e1gil ego ali\u00e1ndose con extremistas y oligarcas de \u00e9lite hiperricos, todos ellos impulsados por una ideolog\u00eda rapaz basada en la extracci\u00f3n que busca acaparar poder, recursos y riqueza.<\/p>\n<p id=\"ae15\" class=\"pw-post-body-paragraph ng nh gu ni b hs nj nk nl hv nm nn no np nq nr ns nt nu nv nw nx ny nz oa ob gn bk\" data-selectable-paragraph=\"\">Estos extremistas y oligarcas no buscan <em class=\"oc\">parentesco con<\/em> pero <em class=\"oc\">dominio sobre<\/em> Los incendios en Los \u00c1ngeles son una amenaza para la gente y para la Tierra. No van a detener los incendios en Los \u00c1ngeles e incluso han manifestado repugnantemente su intenci\u00f3n de explotar la crisis para exigir concesiones pol\u00edticas como condici\u00f3n para ayudar a la gente de Los \u00c1ngeles a recuperarse. Esas exigencias son terribles y destruyen la confianza que deber\u00edamos tener como estadounidenses en que nuestros l\u00edderes pol\u00edticos trabajar\u00e1n juntos para ayudar a la gente y a sus comunidades a recuperarse despu\u00e9s del desastre.<\/p>\n<p id=\"e0ba\" class=\"pw-post-body-paragraph ng nh gu ni b hs nj nk nl hv nm nn no np nq nr ns nt nu nv nw nx ny nz oa ob gn bk\" data-selectable-paragraph=\"\">Al adoptar una ecolog\u00eda de parentesco llena de alegr\u00eda, derrotaremos a estos extremistas y oligarcas para darle vida a nuestra visi\u00f3n: un Occidente pr\u00f3spero, abundante en ecosistemas protegidos e interconectados, alimentado por energ\u00eda renovable y cuidado por comunidades reunidas en una ecolog\u00eda de parentesco.<\/p>\n<p id=\"af54\" class=\"pw-post-body-paragraph ng nh gu ni b hs nj nk nl hv nm nn no np nq nr ns nt nu nv nw nx ny nz oa ob gn bk\" data-selectable-paragraph=\"\">Quiz\u00e1s te preguntes: \u201cEsto suena genial, pero \u00bfqu\u00e9 significa esto pragm\u00e1ticamente?\u201d<\/p>\n<h2 id=\"183a\" class=\"oe of gu bf og oh oi dy oj ok ol ea om np on oo op nt oq or os nx ot ou ov ow bk\" data-selectable-paragraph=\"\">PRIMERO: MANTENER LA LINEA<\/h2>\n<p id=\"f6ba\" class=\"pw-post-body-paragraph ng nh gu ni b hs ox nk nl hv oy nn no np oz nr ns nt pa nv nw nx pb nz oa ob gn bk\" data-selectable-paragraph=\"\">Lo haremos<strong class=\"ni gv\"> <em class=\"oc\">Mant\u00e9n la l\u00ednea<\/em><\/strong> en el escenario nacional contra los ataques de la administraci\u00f3n Trump a las tierras, aguas, vida silvestre y comunidades de Occidente, y a las leyes ambientales fundamentales que las protegen.<\/p>\n<p id=\"5b8b\" class=\"pw-post-body-paragraph ng nh gu ni b hs nj nk nl hv nm nn no np nq nr ns nt nu nv nw nx ny nz oa ob gn bk\" data-selectable-paragraph=\"\">Estos ataques ya est\u00e1n en marcha y los abogados y defensores de WELC est\u00e1n participando activamente, sabiendo que el trabajo solo se intensificar\u00e1 el 20 de enero. Y, en la medida en que Trump ha aprendido lecciones de su primer mandato imprudente que lo hacen m\u00e1s peligroso esta vez, tambi\u00e9n nosotros hemos aprendido lecciones.<\/p>\n<p id=\"625a\" class=\"pw-post-body-paragraph ng nh gu ni b hs nj nk nl hv nm nn no np nq nr ns nt nu nv nw nx ny nz oa ob gn bk\" data-selectable-paragraph=\"\">Si nos mantenemos firmes, podemos moldear el terreno narrativo y crear oportunidades para avanzar una vez que los vientos pol\u00edticos vuelvan a cambiar a nuestro favor (y, con coraje, trabajo duro y perseverancia, esos vientos cambiar\u00e1n). Las prioridades clave en este frente incluyen:<\/p>\n<ul class=\"\">\n<li id=\"8cd5\" class=\"ng nh gu ni b hs nj nk nl hv nm nn no np nq nr ns nt nu nv nw nx ny nz oa ob pc pd pe bk\" data-selectable-paragraph=\"\"><strong class=\"ni gv\">Fomentando una transici\u00f3n ecol\u00f3gica y socialmente justa. <\/strong>Las personas y las comunidades son el n\u00facleo de una transici\u00f3n justa de los combustibles f\u00f3siles a un futuro impulsado por energ\u00edas renovables. No los desarrolladores. No las corporaciones. Y ciertamente no los inversores de Wall Street. Pero a la administraci\u00f3n Trump le importan poco las personas y las comunidades, y mucho menos un futuro impulsado por energ\u00edas renovables que respete y proteja los valores ecol\u00f3gicos. En cambio, intensificar\u00e1 con ligereza los da\u00f1os sociales, ecol\u00f3gicos y de salud causados por la obsesi\u00f3n de nuestro pa\u00eds con los combustibles f\u00f3siles para obtener ganancias pol\u00edticas. Pero sepan esto: enfrentaremos tales transgresiones de frente, aprovechando nuestra habilidad como abogados y defensores experimentados para hacer uso de todas las herramientas a nuestra disposici\u00f3n, desde litigios hasta un compromiso pol\u00edtico agudo y comunicaciones feroces. Nos opondremos a la administraci\u00f3n Trump, los intereses de los combustibles f\u00f3siles y todos los que buscan explotar el caos del momento pol\u00edtico para obtener ganancias y poder a expensas de las personas y las comunidades. Al hacerlo, crearemos un espacio para que las personas y las comunidades se unan para respetar y proteger los l\u00edmites ecol\u00f3gicos de la Tierra y proporcionar una base s\u00f3lida para que las personas y las comunidades prosperen.<\/li>\n<li id=\"78a3\" class=\"ng nh gu ni b hs pf nk nl hv pg nn no np ph nr ns nt pi nv nw nx pj nz oa ob pc pd pe bk\" data-selectable-paragraph=\"\"><strong class=\"ni gv\">Conservaci\u00f3n de tierras p\u00fablicas y leyes ambientales fundamentales.<\/strong> Las tierras p\u00fablicas son queridas y merecen ser protegidas por las plantas y la vida silvestre que habitan en ellas, por el complejo patrimonio cultural que encarnan y por las generaciones actuales y futuras. De hecho, el programa de Colorado College <a class=\"af od\" href=\"https:\/\/www.coloradocollege.edu\/other\/stateoftherockies\/conservationinthewest\/2024.html\" target=\"_blank\" rel=\"noopener ugc nofollow\">Encuesta sobre el estado de las Monta\u00f1as Rocosas de 2024<\/a> Se descubri\u00f3 que el 70% de los votantes occidentales, incluidos el 72% de los independientes y el 52% de los republicanos, quieren que los l\u00edderes pol\u00edticos protejan las tierras p\u00fablicas para la conservaci\u00f3n, no que las exploten para la producci\u00f3n de energ\u00eda. Por lo tanto, creemos que el p\u00fablico se retractar\u00e1, como lo ha hecho antes, de las transgresiones de la administraci\u00f3n Trump, lo que crear\u00e1 un apetito por el cambio. En 2022, despu\u00e9s de luchar contra la primera ola de transgresiones de tierras p\u00fablicas de la administraci\u00f3n Trump, <a class=\"af od\" href=\"https:\/\/westernlaw.org\/groups-petition-interior-to-use-existing-long-dormant-authority-to-rein-in-oil-and-gas\/\" target=\"_blank\" rel=\"noopener ugc nofollow\">solicitado<\/a> La administraci\u00f3n Biden hizo precisamente eso. En 2024, la administraci\u00f3n Biden atendi\u00f3 nuestro llamado y complet\u00f3 <a class=\"af od\" href=\"https:\/\/westernlaw.org\/landmark-federal-public-lands-rule-elevates-conservation\/\" target=\"_blank\" rel=\"noopener ugc nofollow\">Nuevas reglas<\/a> que protejan mejor la salud ecol\u00f3gica y la resiliencia de las tierras p\u00fablicas. Bas\u00e1ndose en recientes decisiones de la Corte Suprema que priorizan los intereses econ\u00f3micos orientados a las ganancias sobre el inter\u00e9s p\u00fablico, los estados y las industrias extractivas presentaron m\u00faltiples impugnaciones a estas normas en los tribunales federales. Hemos intervenido en cada uno de estos casos para defender las normas. Lo m\u00e1s importante es que nos hemos preparado para luchar contra el esfuerzo esperado de la administraci\u00f3n Trump para revocarlas. Pero haremos m\u00e1s, aprovechando el precedente y la autoridad de los tribunales federales que hemos obtenido durante la \u00faltima d\u00e9cada para evitar la erosi\u00f3n de las leyes fundamentales de las tierras p\u00fablicas y preparar el terreno para la acci\u00f3n que fortalezca esas leyes en beneficio del inter\u00e9s p\u00fablico una vez que cambien los vientos pol\u00edticos. La intenci\u00f3n, en este caso, es un imperativo. Nuestro trabajo no debe ser reactivo. En cambio, debe ser disciplinado y dise\u00f1ado intencionalmente para cumplir con los objetivos de conservaci\u00f3n a largo plazo.<\/li>\n<li id=\"b9d8\" class=\"ng nh gu ni b hs pf nk nl hv pg nn no np ph nr ns nt pi nv nw nx pj nz oa ob pc pd pe bk\" data-selectable-paragraph=\"\"><strong class=\"ni gv\">Desafiando los combustibles f\u00f3siles.<\/strong> Mientras defendemos las protecciones de las tierras p\u00fablicas a nivel nacional, lucharemos contra los esfuerzos de la administraci\u00f3n Trump de vender tierras p\u00fablicas en el oeste para el desarrollo de carb\u00f3n, petr\u00f3leo y gas metano, principalmente en el oeste intermontano. Impugnaremos las ventas de arrendamientos de petr\u00f3leo y gas y los permisos de perforaci\u00f3n para salvaguardar el clima y las tierras p\u00fablicas de la contaminaci\u00f3n del aire y el agua que da\u00f1a a las personas y las comunidades. Tambi\u00e9n nos defenderemos de los esfuerzos para revertir las protecciones basadas en el lugar, como la decisi\u00f3n de 2023 de la Secretaria del Interior, Deb Haaland, de crear un <a class=\"af od\" href=\"https:\/\/westernlaw.org\/interior-sec-haaland-protects-chaco-canyon-from-oil-gas-drilling\/\" target=\"_blank\" rel=\"noopener ugc nofollow\">Zona de protecci\u00f3n de 10 millas<\/a> en torno al Parque Hist\u00f3rico Nacional de la Cultura Chaco en Nuevo M\u00e9xico, y la decisi\u00f3n hist\u00f3rica del Departamento del Interior de poner fin a los nuevos arrendamientos de carb\u00f3n en Wyoming. Nuestro historial en este frente habla por s\u00ed solo. En la \u00faltima d\u00e9cada, el Centro de Derecho Ambiental Occidental, con sus socios, ha protegido aproximadamente 10 millones de acres de tierras p\u00fablicas de los arrendamientos de fracturaci\u00f3n hidr\u00e1ulica, ha impuesto nuevas barreras de protecci\u00f3n para obligar a reducir la contaminaci\u00f3n y los desechos nocivos del metano, y ha proporcionado una representaci\u00f3n legal estrat\u00e9gica fundamental a grupos en todo el oeste intermontano. Justo este mes, el gobierno federal anunci\u00f3, como resultado de un litigio exitoso de a\u00f1os que llevamos a cabo en varios tribunales federales, que <a class=\"af od\" href=\"https:\/\/public-inspection.federalregister.gov\/2025-00854.pdf?utm_campaign=pi+subscription+mailing+list&amp;utm_medium=email&amp;utm_source=federalregister.gov\" target=\"_blank\" rel=\"noopener ugc nofollow\">Reevaluar 3.224 concesiones federales de petr\u00f3leo y gas que cubren 3,5 millones de acres<\/a> se vendi\u00f3 en Colorado, Montana, Nuevo M\u00e9xico, Dakota del Norte, Dakota del Sur, Utah y Wyoming, proporcionando un reducto para defenderse y desafiar las imprudentes ambiciones de combustibles f\u00f3siles de la administraci\u00f3n Trump.<\/li>\n<li id=\"62da\" class=\"ng nh gu ni b hs pf nk nl hv pg nn no np ph nr ns nt pi nv nw nx pj nz oa ob pc pd pe bk\" data-selectable-paragraph=\"\"><strong class=\"ni gv\">Salvaguardia de la vida silvestre en peligro. <\/strong>En los \u00faltimos a\u00f1os, hemos trabajado arduamente para consolidar salvaguardas clave para la vida silvestre en peligro, desde el lince canadiense y el glot\u00f3n hasta los osos pardos y los lobos. A principios de 2025, por ejemplo, el Servicio de Pesca y Vida Silvestre preserv\u00f3 las protecciones de la Ley de Especies en Peligro de Extinci\u00f3n para los osos pardos y, en 2023, la agencia finalmente reconoci\u00f3 que los glotones tambi\u00e9n merec\u00edan estas protecciones fundamentales. Pero la administraci\u00f3n Trump buscar\u00e1 eliminar estas protecciones, exigiendo una acci\u00f3n legal intensiva basada en la ciencia para conservar y recuperar estas y otras especies para que no solo puedan sobrevivir, sino prosperar, como parte del patrimonio natural ic\u00f3nico del Oeste.<\/li>\n<\/ul>\n<h2 id=\"c7ca\" class=\"oe of gu bf og oh oi dy oj ok ol ea om np on oo op nt oq or os nx ot ou ov ow bk\" data-selectable-paragraph=\"\"><strong class=\"al\">SEGUNDO: MOVERSE EN EL ESPACIO<\/strong><\/h2>\n<p id=\"10d0\" class=\"pw-post-body-paragraph ng nh gu ni b hs ox nk nl hv oy nn no np oz nr ns nt pa nv nw nx pb nz oa ob gn bk\" data-selectable-paragraph=\"\">En 2025, ser\u00e1 sumamente dif\u00edcil avanzar en el escenario nacional, pero abundan las oportunidades a nivel estatal. Por lo tanto, <strong class=\"ni gv\"><em class=\"oc\">moverse en el espacio<\/em><\/strong> A nivel estatal, para avanzar de la mejor manera posible y de manera constante hacia nuestra visi\u00f3n para el Oeste. Las prioridades incluyen:<\/p>\n<ul class=\"\">\n<li id=\"2e42\" class=\"ng nh gu ni b hs nj nk nl hv nm nn no np nq nr ns nt nu nv nw nx ny nz oa ob pc pd pe bk\" data-selectable-paragraph=\"\">En <strong class=\"ni gv\">Montana<\/strong>Aprovecharemos nuestra <a class=\"af od\" href=\"https:\/\/westernlaw.org\/montana-supreme-court-affirms-landmark-youth-led-climate-decision-upholding-constitutional-rights-to-a-safe-and-livable-climate\/\" target=\"_blank\" rel=\"noopener ugc nofollow\">victoria revolucionaria<\/a> en nombre de los j\u00f3venes valientes que afirman el derecho constitucional de Montana a un ambiente limpio y saludable para desafiar los combustibles f\u00f3siles, obligar al retiro y la limpieza de la infraestructura de combustibles f\u00f3siles y promover la acci\u00f3n clim\u00e1tica.<\/li>\n<li id=\"995b\" class=\"ng nh gu ni b hs pf nk nl hv pg nn no np ph nr ns nt pi nv nw nx pj nz oa ob pc pd pe bk\" data-selectable-paragraph=\"\">En <strong class=\"ni gv\">Nuevo Mexico<\/strong>Estamos construyendo un programa de protecci\u00f3n de cuencas hidrogr\u00e1ficas de \u201cred de seguridad\u201d para remediar los da\u00f1os que de otro modo causar\u00eda la decisi\u00f3n de 2023 de la Corte Suprema. <em class=\"oc\">Sackett contra la EPA<\/em> La decisi\u00f3n de desmantelar la Ley de Agua Limpia expone a m\u00e1s de 95% de los r\u00edos y arroyos del estado y 88% de sus humedales al riesgo de descargas contaminantes desenfrenadas. Tambi\u00e9n abogaremos por nuevas leyes de acci\u00f3n clim\u00e1tica a nivel estatal y reformaremos las normas de garant\u00eda financiera obsoletas para exigir que las compa\u00f1\u00edas de petr\u00f3leo y gas, no los contribuyentes, paguen por limpiar los desastres de la industria. Tambi\u00e9n tomaremos medidas para diversificar y fortalecer los ingresos y la base econ\u00f3mica del estado reduciendo su dependencia de la vol\u00e1til producci\u00f3n de petr\u00f3leo y gas, que var\u00eda entre auges y ca\u00eddas.<\/li>\n<li id=\"77d5\" class=\"ng nh gu ni b hs pf nk nl hv pg nn no np ph nr ns nt pi nv nw nx pj nz oa ob pc pd pe bk\" data-selectable-paragraph=\"\">En <strong class=\"ni gv\">Oreg\u00f3n, Nuevo M\u00e9xico y el estado de Washington<\/strong>Enarbolaremos con orgullo nuestra bandera de &quot;creyentes en los castores&quot;, trabajando con l\u00edderes pol\u00edticos y agencias estatales para aumentar la resiliencia de la tierra a los incendios forestales, la seguridad del agua y la salud ecol\u00f3gica general al restaurar los castores en el paisaje.<\/li>\n<\/ul>\n<h2 id=\"4f8f\" class=\"oe of gu bf og oh oi dy oj ok ol ea om np on oo op nt oq or os nx ot ou ov ow bk\" data-selectable-paragraph=\"\"><strong class=\"al\">TERCERO: CREAR PODER PARA EL CAMBIO<\/strong><\/h2>\n<p id=\"9fca\" class=\"pw-post-body-paragraph ng nh gu ni b hs ox nk nl hv oy nn no np oz nr ns nt pa nv nw nx pb nz oa ob gn bk\" data-selectable-paragraph=\"\">Seamos realistas: el apoyo pol\u00edtico a la protecci\u00f3n del medio ambiente sube y baja de tal manera que hemos demostrado ser incapaces de responder a la urgencia que exige la confluencia de crisis que enfrentamos. Para revitalizar nuestro movimiento, debemos <strong class=\"ni gv\"><em class=\"oc\">Construir poder para el cambio <\/em><\/strong>a trav\u00e9s de coaliciones y asociaciones diversificadas.<\/p>\n<p id=\"6e92\" class=\"pw-post-body-paragraph ng nh gu ni b hs nj nk nl hv nm nn no np nq nr ns nt nu nv nw nx ny nz oa ob gn bk\" data-selectable-paragraph=\"\">Para ello, reforzaremos la integraci\u00f3n de valores ecol\u00f3gicos y sociales en nuestro trabajo, aprovechando el poder intr\u00ednseco de la colaboraci\u00f3n multisectorial. El camino hacia un futuro pr\u00f3spero y resiliente no pasa por restablecer una relaci\u00f3n basada en el parentesco entre la humanidad y el mundo, ni por cortar o sabotear esa relaci\u00f3n en aras del lucro y el poder.<\/p>\n<p id=\"fcbb\" class=\"pw-post-body-paragraph ng nh gu ni b hs nj nk nl hv nm nn no np nq nr ns nt nu nv nw nx ny nz oa ob gn bk\" data-selectable-paragraph=\"\">En todo Occidente, trabajaremos con organizaciones aliadas para construir redes de apoyo mutuo y estrategias colaborativas y multifac\u00e9ticas para proteger los valores compartidos. Las tierras p\u00fablicas, por ejemplo, son fundamentales para nuestro sentido de identidad como occidentales y esenciales para el aire y el agua limpios a los que tenemos derecho, para la vida silvestre que merece vagar libremente por su h\u00e1bitat hist\u00f3rico y para las comunidades que act\u00faan como administradores de la tierra, no como explotadores con \u00e1nimo de lucro.<\/p>\n<p id=\"c33a\" class=\"pw-post-body-paragraph ng nh gu ni b hs nj nk nl hv nm nn no np nq nr ns nt nu nv nw nx ny nz oa ob gn bk\" data-selectable-paragraph=\"\">En Nuevo M\u00e9xico, por ejemplo, trabajaremos en alianzas intersectoriales con grupos progresistas en defensa del clima, la conservaci\u00f3n, los derechos de los ind\u00edgenas y los inmigrantes, la educaci\u00f3n y los grupos de trabajadores y de justicia racial para desafiar el dominio de la industria de los combustibles f\u00f3siles sobre la pol\u00edtica del estado. En Oreg\u00f3n, trabajaremos con defensores de los bosques y la vida silvestre para aprovechar las oportunidades de protecci\u00f3n de los bosques primarios y la vida silvestre, reformando los \u00f3rganos de toma de decisiones a nivel estatal para reflejar mejor la ciencia y el imperativo moral de la conservaci\u00f3n.<\/p>\n<p id=\"8030\" class=\"pw-post-body-paragraph ng nh gu ni b hs nj nk nl hv nm nn no np nq nr ns nt nu nv nw nx ny nz oa ob gn bk\" data-selectable-paragraph=\"\">Estos ejemplos reflejan la importancia que el Western Environmental Law Center otorga a las relaciones duraderas y basadas en la confianza. Cada a\u00f1o, colaboramos con m\u00e1s de 150 organizaciones comunitarias y sin fines de lucro que luchan por los lugares y las cuestiones que les preocupan, y es a trav\u00e9s de estas relaciones duraderas que podemos construir solidaridad y sistemas de cooperaci\u00f3n y apoyo mutuo que son cada vez m\u00e1s necesarios.<\/p>\n<p id=\"1196\" class=\"pw-post-body-paragraph ng nh gu ni b hs nj nk nl hv nm nn no np nq nr ns nt nu nv nw nx ny nz oa ob gn bk\" data-selectable-paragraph=\"\">Como parte de este esfuerzo, nos apoyaremos en la narraci\u00f3n de historias para aumentar el amor de la gente por las tierras p\u00fablicas, contrarrestar las narrativas nocivas promovidas por los combustibles f\u00f3siles y otros intereses, y dar vida a nuestro movimiento interseccional como complemento a nuestro litigio y defensa de pol\u00edticas contundentes.<\/p>\n<\/div>\n<\/div>\n<\/div>\n<div class=\"gn go gp gq gr\">\n<div class=\"ab cb\">\n<div class=\"ci bh fz ga gb gc\">\n<p id=\"f06c\" class=\"pw-post-body-paragraph ng nh gu ni b hs nj nk nl hv nm nn no np nq nr ns nt nu nv nw nx ny nz oa ob gn bk\" data-selectable-paragraph=\"\">Sabemos que este es un momento que genera ansiedad, pero al aceptar una <strong class=\"ni gv\"><em class=\"oc\">ecolog\u00eda del parentesco<\/em><\/strong>Si nos mantenemos fieles a nuestros valores y nos mantenemos unidos en solidaridad, podemos defender nuestro camino hacia un futuro mejor, movernos en el espacio para lograr un progreso constante y generar poder para el cambio.<\/p>\n<p id=\"44cc\" class=\"pw-post-body-paragraph ng nh gu ni b hs nj nk nl hv nm nn no np nq nr ns nt nu nv nw nx ny nz oa ob gn bk\" data-selectable-paragraph=\"\">De esta manera afrontaremos los desaf\u00edos de los pr\u00f3ximos meses y a\u00f1os, y superaremos el dolor y la rabia que nos provocan la p\u00e9rdida y el sufrimiento que parecen casi inevitables.<\/p>\n<p id=\"3dc6\" class=\"pw-post-body-paragraph ng nh gu ni b hs nj nk nl hv nm nn no np nq nr ns nt nu nv nw nx ny nz oa ob gn bk\" data-selectable-paragraph=\"\">Os dejo con el resonante poema de John O&#039;Donohue, <em class=\"oc\">Para aquel que tiene poder<\/em>, con la esperanza de que inspire en ti el esp\u00edritu de abrazar <em class=\"oc\">su<\/em> poder y <em class=\"oc\">su <\/em>parentesco con el mundo.<\/p>\n<blockquote class=\"ps pt pu\">\n<p id=\"5b95\" class=\"ng nh oc ni b hs nj nk nl hv nm nn no np nq nr ns nt nu nv nw nx ny nz oa ob gn bk\" data-selectable-paragraph=\"\"><em>Que el don del liderazgo despierte en vosotros como vocaci\u00f3n,<\/em><br \/>\n<em>Manteneos conscientes de la providencia que os llama a servir.<\/em><br \/>\n<em>Tan alto como sobre las monta\u00f1as el \u00e1guila extiende sus alas,<\/em><br \/>\n<em>Que tu perspectiva sea m\u00e1s grande que la vista desde las colinas.<\/em><\/p>\n<p data-selectable-paragraph=\"\"><em><span style=\"color: #ffffff;\">\u2013<\/span><\/em><\/p>\n<p id=\"2f83\" class=\"ng nh oc ni b hs nj nk nl hv nm nn no np nq nr ns nt nu nv nw nx ny nz oa ob gn bk\" data-selectable-paragraph=\"\"><em>Cuando el camino es llano y aburrido en tiempos de gris resistencia,<\/em><br \/>\n<em>Que tu imaginaci\u00f3n siga evocando horizontes.<\/em><br \/>\n<em>Cuando la sed arde en tiempos de sequ\u00eda,<\/em><br \/>\n<em>Que tengas bendici\u00f3n al encontrar los pozos.<\/em><br \/>\n<em>Que tengas la sabidur\u00eda de leer el tiempo con claridad.<\/em><br \/>\n<em>Y saber cu\u00e1ndo florecer\u00e1 la semilla del cambio.<\/em><\/p>\n<p data-selectable-paragraph=\"\"><em><span style=\"color: #ffffff;\">\u2013<\/span><\/em><\/p>\n<p id=\"088d\" class=\"ng nh oc ni b hs nj nk nl hv nm nn no np nq nr ns nt nu nv nw nx ny nz oa ob gn bk\" data-selectable-paragraph=\"\"><em>En tu coraz\u00f3n puede haber un santuario<\/em><br \/>\n<em>Por la quietud donde nace la claridad.<\/em><br \/>\n<em>Que tu trabajo est\u00e9 impregnado de pasi\u00f3n y creatividad.<\/em><br \/>\n<em>Y tener la sabidur\u00eda para equilibrar la compasi\u00f3n y el desaf\u00edo.<\/em><\/p>\n<p data-selectable-paragraph=\"\"><em><span style=\"color: #ffffff;\">\u2013<\/span><\/em><\/p>\n<p id=\"6a80\" class=\"ng nh oc ni b hs nj nk nl hv nm nn no np nq nr ns nt nu nv nw nx ny nz oa ob gn bk\" data-selectable-paragraph=\"\"><em>Que tu alma encuentre la gracia<\/em><br \/>\n<em>Para elevarse por encima del hervidero de peque\u00f1as mediocridades.<\/em><br \/>\n<em>Que tu poder nunca se convierta en una c\u00e1scara<\/em><br \/>\n<em>Donde tu coraz\u00f3n se atrofiar\u00eda silenciosamente.<\/em><br \/>\n<em>Que puedas acoger tu propia vulnerabilidad<\/em><br \/>\n<em>Como el terreno donde la curaci\u00f3n y la verdad se unen.<\/em><\/p>\n<p data-selectable-paragraph=\"\"><em><span style=\"color: #ffffff;\">\u2013<\/span><\/em><\/p>\n<p id=\"9a10\" class=\"ng nh oc ni b hs nj nk nl hv nm nn no np nq nr ns nt nu nv nw nx ny nz oa ob gn bk\" data-selectable-paragraph=\"\"><em>Que la integridad del alma sea tu primer ideal.<\/em><br \/>\n<em>La fuente que guiar\u00e1 y bendecir\u00e1 tu trabajo.<\/em><\/p>\n<\/blockquote>\n<p id=\"7de0\" class=\"pw-post-body-paragraph ng nh gu ni b hs nj nk nl hv nm nn no np nq nr ns nt nu nv nw nx ny nz oa ob gn bk\" data-selectable-paragraph=\"\"><strong class=\"ni gv\">Hacia los horizontes occidentales<\/strong>.<\/p>\n<\/div>\n<\/div>\n<\/div>\n<p data-selectable-paragraph=\"\"><a href=\"https:\/\/westernlaw.org\/donate\/\"><img loading=\"lazy\" decoding=\"async\" class=\"wp-image-19224 alignleft\" src=\"https:\/\/westernlaw.org\/wp-content\/uploads\/2016\/09\/Donate-FB-Pic-300x157.jpg\" alt=\"\" width=\"363\" height=\"190\" srcset=\"https:\/\/westernlaw.org\/wp-content\/uploads\/2016\/09\/Donate-FB-Pic-300x157.jpg 300w, https:\/\/westernlaw.org\/wp-content\/uploads\/2016\/09\/Donate-FB-Pic-768x401.jpg 768w, https:\/\/westernlaw.org\/wp-content\/uploads\/2016\/09\/Donate-FB-Pic-1024x535.jpg 1024w, https:\/\/westernlaw.org\/wp-content\/uploads\/2016\/09\/Donate-FB-Pic-1080x564.jpg 1080w, https:\/\/westernlaw.org\/wp-content\/uploads\/2016\/09\/Donate-FB-Pic.jpg 1200w\" sizes=\"(max-width: 363px) 100vw, 363px\" \/><\/a><\/p>\n<\/div>\n<\/div>\n<\/div>","protected":false},"excerpt":{"rendered":"<p>The Western Environmental Law Center\u2019s strategic approach to the confluence of political, ecological, and economic crises faced by the United States in the second Trump era In this moment of deep challenge and uncertainty, I find solace in Terry Tempest Williams\u2019 poignant words: \u201cFinding beauty in a broken world is creating beauty in the world [&hellip;]<\/p>\n","protected":false},"author":20,"featured_media":0,"parent":0,"menu_order":0,"comment_status":"closed","ping_status":"closed","template":"","meta":{"_et_pb_use_builder":"","_et_pb_old_content":"","_et_gb_content_width":"","_monsterinsights_skip_tracking":false,"_monsterinsights_sitenote_active":false,"_monsterinsights_sitenote_note":"","_monsterinsights_sitenote_category":0,"footnotes":""},"categories":[],"tags":[],"class_list":["post-26198","page","type-page","status-publish","hentry"],"yoast_head":"<!-- This site is optimized with the Yoast SEO plugin v27.5 - https:\/\/yoast.com\/product\/yoast-seo-wordpress\/ -->\n<title>WELC Inauguration Message: TO THE WESTERN HORIZONS - Western Environmental Law Center<\/title>\n<meta name=\"robots\" content=\"index, follow, max-snippet:-1, max-image-preview:large, max-video-preview:-1\" \/>\n<link rel=\"canonical\" href=\"https:\/\/westernlaw.org\/es\/onward-to-the-western-horizon\/\" \/>\n<meta property=\"og:locale\" content=\"es_MX\" \/>\n<meta property=\"og:type\" content=\"article\" \/>\n<meta property=\"og:title\" content=\"WELC Inauguration Message: TO THE WESTERN HORIZONS - Western Environmental Law Center\" \/>\n<meta property=\"og:description\" content=\"The Western Environmental Law Center\u2019s strategic approach to the confluence of political, ecological, and economic crises faced by the United States in the second Trump era In this moment of deep challenge and uncertainty, I find solace in Terry Tempest Williams\u2019 poignant words: \u201cFinding beauty in a broken world is creating beauty in the world [&hellip;]\" \/>\n<meta property=\"og:url\" content=\"https:\/\/westernlaw.org\/es\/onward-to-the-western-horizon\/\" \/>\n<meta property=\"og:site_name\" content=\"Western Environmental Law Center\" \/>\n<meta property=\"article:publisher\" content=\"https:\/\/www.facebook.com\/westernlaw\/\" \/>\n<meta property=\"article:modified_time\" content=\"2025-01-20T17:24:38+00:00\" \/>\n<meta property=\"og:image\" content=\"https:\/\/westernlaw.org\/wp-content\/uploads\/2023\/12\/ErikSG_CB23-8264-e1737052811776.jpg\" \/>\n\t<meta property=\"og:image:width\" content=\"470\" \/>\n\t<meta property=\"og:image:height\" content=\"672\" \/>\n\t<meta property=\"og:image:type\" content=\"image\/jpeg\" \/>\n<meta name=\"twitter:card\" content=\"summary_large_image\" \/>\n<meta name=\"twitter:site\" content=\"@westernlaw\" \/>\n<meta name=\"twitter:label1\" content=\"Tiempo de lectura\" \/>\n\t<meta name=\"twitter:data1\" content=\"10 minutos\" \/>\n<script type=\"application\/ld+json\" class=\"yoast-schema-graph\">{\"@context\":\"https:\\\/\\\/schema.org\",\"@graph\":[{\"@type\":\"WebPage\",\"@id\":\"https:\\\/\\\/westernlaw.org\\\/onward-to-the-western-horizon\\\/\",\"url\":\"https:\\\/\\\/westernlaw.org\\\/onward-to-the-western-horizon\\\/\",\"name\":\"WELC Inauguration Message: TO THE WESTERN HORIZONS - Western Environmental Law Center\",\"isPartOf\":{\"@id\":\"https:\\\/\\\/westernlaw.org\\\/#website\"},\"primaryImageOfPage\":{\"@id\":\"https:\\\/\\\/westernlaw.org\\\/onward-to-the-western-horizon\\\/#primaryimage\"},\"image\":{\"@id\":\"https:\\\/\\\/westernlaw.org\\\/onward-to-the-western-horizon\\\/#primaryimage\"},\"thumbnailUrl\":\"https:\\\/\\\/westernlaw.org\\\/wp-content\\\/uploads\\\/2023\\\/12\\\/ErikSG_CB23-8264-e1737052811776-210x300.jpg\",\"datePublished\":\"2025-01-16T18:31:13+00:00\",\"dateModified\":\"2025-01-20T17:24:38+00:00\",\"breadcrumb\":{\"@id\":\"https:\\\/\\\/westernlaw.org\\\/onward-to-the-western-horizon\\\/#breadcrumb\"},\"inLanguage\":\"es\",\"potentialAction\":[{\"@type\":\"ReadAction\",\"target\":[\"https:\\\/\\\/westernlaw.org\\\/onward-to-the-western-horizon\\\/\"]}]},{\"@type\":\"ImageObject\",\"inLanguage\":\"es\",\"@id\":\"https:\\\/\\\/westernlaw.org\\\/onward-to-the-western-horizon\\\/#primaryimage\",\"url\":\"https:\\\/\\\/westernlaw.org\\\/wp-content\\\/uploads\\\/2023\\\/12\\\/ErikSG_CB23-8264-e1737052811776-210x300.jpg\",\"contentUrl\":\"https:\\\/\\\/westernlaw.org\\\/wp-content\\\/uploads\\\/2023\\\/12\\\/ErikSG_CB23-8264-e1737052811776-210x300.jpg\"},{\"@type\":\"BreadcrumbList\",\"@id\":\"https:\\\/\\\/westernlaw.org\\\/onward-to-the-western-horizon\\\/#breadcrumb\",\"itemListElement\":[{\"@type\":\"ListItem\",\"position\":1,\"name\":\"Home\",\"item\":\"https:\\\/\\\/westernlaw.org\\\/\"},{\"@type\":\"ListItem\",\"position\":2,\"name\":\"WELC Inauguration Message: TO THE WESTERN HORIZONS\"}]},{\"@type\":\"WebSite\",\"@id\":\"https:\\\/\\\/westernlaw.org\\\/#website\",\"url\":\"https:\\\/\\\/westernlaw.org\\\/\",\"name\":\"Western Environmental Law Center\",\"description\":\"Defending the West\",\"publisher\":{\"@id\":\"https:\\\/\\\/westernlaw.org\\\/#organization\"},\"potentialAction\":[{\"@type\":\"SearchAction\",\"target\":{\"@type\":\"EntryPoint\",\"urlTemplate\":\"https:\\\/\\\/westernlaw.org\\\/?s={search_term_string}\"},\"query-input\":{\"@type\":\"PropertyValueSpecification\",\"valueRequired\":true,\"valueName\":\"search_term_string\"}}],\"inLanguage\":\"es\"},{\"@type\":\"Organization\",\"@id\":\"https:\\\/\\\/westernlaw.org\\\/#organization\",\"name\":\"Western Environmental Law Center\",\"url\":\"https:\\\/\\\/westernlaw.org\\\/\",\"logo\":{\"@type\":\"ImageObject\",\"inLanguage\":\"es\",\"@id\":\"https:\\\/\\\/westernlaw.org\\\/#\\\/schema\\\/logo\\\/image\\\/\",\"url\":\"https:\\\/\\\/westernlaw.org\\\/wp-content\\\/uploads\\\/2017\\\/03\\\/WELC-logo-600-1.png\",\"contentUrl\":\"https:\\\/\\\/westernlaw.org\\\/wp-content\\\/uploads\\\/2017\\\/03\\\/WELC-logo-600-1.png\",\"width\":600,\"height\":600,\"caption\":\"Western Environmental Law Center\"},\"image\":{\"@id\":\"https:\\\/\\\/westernlaw.org\\\/#\\\/schema\\\/logo\\\/image\\\/\"},\"sameAs\":[\"https:\\\/\\\/www.facebook.com\\\/westernlaw\\\/\",\"https:\\\/\\\/x.com\\\/westernlaw\",\"https:\\\/\\\/www.instagram.com\\\/welc_org\\\/\"]}]}<\/script>\n<!-- \/ Yoast SEO plugin. -->","yoast_head_json":{"title":"Mensaje inaugural de WELC: HACIA LOS HORIZONTES OCCIDENTALES - Centro de Derecho Ambiental Occidental","robots":{"index":"index","follow":"follow","max-snippet":"max-snippet:-1","max-image-preview":"max-image-preview:large","max-video-preview":"max-video-preview:-1"},"canonical":"https:\/\/westernlaw.org\/es\/onward-to-the-western-horizon\/","og_locale":"es_MX","og_type":"article","og_title":"WELC Inauguration Message: TO THE WESTERN HORIZONS - Western Environmental Law Center","og_description":"The Western Environmental Law Center\u2019s strategic approach to the confluence of political, ecological, and economic crises faced by the United States in the second Trump era In this moment of deep challenge and uncertainty, I find solace in Terry Tempest Williams\u2019 poignant words: \u201cFinding beauty in a broken world is creating beauty in the world [&hellip;]","og_url":"https:\/\/westernlaw.org\/es\/onward-to-the-western-horizon\/","og_site_name":"Western Environmental Law Center","article_publisher":"https:\/\/www.facebook.com\/westernlaw\/","article_modified_time":"2025-01-20T17:24:38+00:00","og_image":[{"width":470,"height":672,"url":"https:\/\/westernlaw.org\/wp-content\/uploads\/2023\/12\/ErikSG_CB23-8264-e1737052811776.jpg","type":"image\/jpeg"}],"twitter_card":"summary_large_image","twitter_site":"@westernlaw","twitter_misc":{"Tiempo de lectura":"10 minutos"},"schema":{"@context":"https:\/\/schema.org","@graph":[{"@type":"WebPage","@id":"https:\/\/westernlaw.org\/onward-to-the-western-horizon\/","url":"https:\/\/westernlaw.org\/onward-to-the-western-horizon\/","name":"Mensaje inaugural de WELC: HACIA LOS HORIZONTES OCCIDENTALES - Centro de Derecho Ambiental Occidental","isPartOf":{"@id":"https:\/\/westernlaw.org\/#website"},"primaryImageOfPage":{"@id":"https:\/\/westernlaw.org\/onward-to-the-western-horizon\/#primaryimage"},"image":{"@id":"https:\/\/westernlaw.org\/onward-to-the-western-horizon\/#primaryimage"},"thumbnailUrl":"https:\/\/westernlaw.org\/wp-content\/uploads\/2023\/12\/ErikSG_CB23-8264-e1737052811776-210x300.jpg","datePublished":"2025-01-16T18:31:13+00:00","dateModified":"2025-01-20T17:24:38+00:00","breadcrumb":{"@id":"https:\/\/westernlaw.org\/onward-to-the-western-horizon\/#breadcrumb"},"inLanguage":"es","potentialAction":[{"@type":"ReadAction","target":["https:\/\/westernlaw.org\/onward-to-the-western-horizon\/"]}]},{"@type":"ImageObject","inLanguage":"es","@id":"https:\/\/westernlaw.org\/onward-to-the-western-horizon\/#primaryimage","url":"https:\/\/westernlaw.org\/wp-content\/uploads\/2023\/12\/ErikSG_CB23-8264-e1737052811776-210x300.jpg","contentUrl":"https:\/\/westernlaw.org\/wp-content\/uploads\/2023\/12\/ErikSG_CB23-8264-e1737052811776-210x300.jpg"},{"@type":"BreadcrumbList","@id":"https:\/\/westernlaw.org\/onward-to-the-western-horizon\/#breadcrumb","itemListElement":[{"@type":"ListItem","position":1,"name":"Home","item":"https:\/\/westernlaw.org\/"},{"@type":"ListItem","position":2,"name":"WELC Inauguration Message: TO THE WESTERN HORIZONS"}]},{"@type":"WebSite","@id":"https:\/\/westernlaw.org\/#website","url":"https:\/\/westernlaw.org\/","name":"Centro de Derecho Ambiental Occidental","description":"Defendemos el Oeste","publisher":{"@id":"https:\/\/westernlaw.org\/#organization"},"potentialAction":[{"@type":"SearchAction","target":{"@type":"EntryPoint","urlTemplate":"https:\/\/westernlaw.org\/?s={search_term_string}"},"query-input":{"@type":"PropertyValueSpecification","valueRequired":true,"valueName":"search_term_string"}}],"inLanguage":"es"},{"@type":"Organization","@id":"https:\/\/westernlaw.org\/#organization","name":"Centro de Derecho Ambiental Occidental","url":"https:\/\/westernlaw.org\/","logo":{"@type":"ImageObject","inLanguage":"es","@id":"https:\/\/westernlaw.org\/#\/schema\/logo\/image\/","url":"https:\/\/westernlaw.org\/wp-content\/uploads\/2017\/03\/WELC-logo-600-1.png","contentUrl":"https:\/\/westernlaw.org\/wp-content\/uploads\/2017\/03\/WELC-logo-600-1.png","width":600,"height":600,"caption":"Western Environmental Law Center"},"image":{"@id":"https:\/\/westernlaw.org\/#\/schema\/logo\/image\/"},"sameAs":["https:\/\/www.facebook.com\/westernlaw\/","https:\/\/x.com\/westernlaw","https:\/\/www.instagram.com\/welc_org\/"]}]}},"_links":{"self":[{"href":"https:\/\/westernlaw.org\/es\/wp-json\/wp\/v2\/pages\/26198","targetHints":{"allow":["GET"]}}],"collection":[{"href":"https:\/\/westernlaw.org\/es\/wp-json\/wp\/v2\/pages"}],"about":[{"href":"https:\/\/westernlaw.org\/es\/wp-json\/wp\/v2\/types\/page"}],"author":[{"embeddable":true,"href":"https:\/\/westernlaw.org\/es\/wp-json\/wp\/v2\/users\/20"}],"replies":[{"embeddable":true,"href":"https:\/\/westernlaw.org\/es\/wp-json\/wp\/v2\/comments?post=26198"}],"version-history":[{"count":17,"href":"https:\/\/westernlaw.org\/es\/wp-json\/wp\/v2\/pages\/26198\/revisions"}],"predecessor-version":[{"id":26269,"href":"https:\/\/westernlaw.org\/es\/wp-json\/wp\/v2\/pages\/26198\/revisions\/26269"}],"wp:attachment":[{"href":"https:\/\/westernlaw.org\/es\/wp-json\/wp\/v2\/media?parent=26198"}],"wp:term":[{"taxonomy":"category","embeddable":true,"href":"https:\/\/westernlaw.org\/es\/wp-json\/wp\/v2\/categories?post=26198"},{"taxonomy":"post_tag","embeddable":true,"href":"https:\/\/westernlaw.org\/es\/wp-json\/wp\/v2\/tags?post=26198"}],"curies":[{"name":"gracias","href":"https:\/\/api.w.org\/{rel}","templated":true}]}}