{"id":17602,"date":"2017-07-25T20:46:47","date_gmt":"2017-07-25T20:46:47","guid":{"rendered":"https:\/\/westernlaw.org\/?page_id=17602"},"modified":"2018-06-07T20:51:11","modified_gmt":"2018-06-07T20:51:11","slug":"valle-vidal-photojournalism-project","status":"publish","type":"page","link":"https:\/\/westernlaw.org\/es\/valle-vidal-photojournalism-project\/","title":{"rendered":"Valle Vidal: el legado vivo del norte de Nuevo M\u00e9xico"},"content":{"rendered":"<p>[et_pb_section bb_built=&#8221;1&#8243; admin_label=&#8221;Section&#8221; background_image=&#8221;https:\/\/westernlaw.org\/wp-content\/uploads\/2017\/07\/ODonnell_NM_CNF_Valle_Vidal_water_children-015-2.jpg&#8221; parallax=&#8221;on&#8221; custom_padding=&#8221;0px|0px|0px|0px&#8221; custom_css_main_element=&#8221;min-height: 86vh;&#8221;][et_pb_row admin_label=&#8221;Row&#8221; make_fullwidth=&#8221;on&#8221; use_custom_gutter=&#8221;on&#8221; gutter_width=&#8221;1&#8243; custom_padding=&#8221;40px||40px|&#8221; custom_margin=&#8221;0px||0px|&#8221; background_color=&#8221;rgba(0,0,0,0)&#8221; parallax_method_1=&#8221;off&#8221; parallax_method_2=&#8221;off&#8221; custom_css_main_element=&#8221;min-height: 37vh;&#8221; use_custom_width=&#8221;off&#8221; width_unit=&#8221;on&#8221; allow_player_pause=&#8221;off&#8221; parallax=&#8221;off&#8221; parallax_method=&#8221;on&#8221; make_equal=&#8221;off&#8221; parallax_1=&#8221;off&#8221;][et_pb_column type=&#8221;4_4&#8243;][et_pb_text admin_label=&#8221;Text &#8211; Valle Vidal &#8211; Northern New Mexico&#8217;s Living Legacy &#8211; desktop&#8221; background_layout=&#8221;dark&#8221; header_font=&#8221;|||on|&#8221; header_font_size=&#8221;66px&#8221; header_letter_spacing=&#8221;2px&#8221; text_font_size=&#8221;17&#8243; text_line_height=&#8221;1.4em&#8221; custom_margin=&#8221;30px|60px|0px|70px&#8221; custom_padding=&#8221;0px||0px|&#8221; custom_css_main_element=&#8221;text-shadow: 1px 2px 2px #000;&#8221; text_orientation=&#8221;left&#8221; use_border_color=&#8221;off&#8221; border_color=&#8221;#ffffff&#8221; border_style=&#8221;solid&#8221; disabled_on=&#8221;on|on|&#8221; disabled=&#8221;off&#8221;]<\/p>\n<div style=\"max-width: 1080px;\">\n<h1 style=\"line-height: 1;\">Valle Vidal<\/h1>\n<h2 style=\"line-height: 1;\">Northern New Mexico&#8217;s Living Legacy<\/h2>\n<p style=\"max-width: 960px;\">Throughout the West, special places \u2013 enchantingly beautiful, priceless, and awe-inspiring \u2013 bring communities together. Imagine your favorite haven now: an ancient forest in the Northwest, a sweeping ridgeline vista in the Intermountain West, or a breathtaking desert canyon in the Southwest. Many of these lands are public lands owned by all of us, and at the root of our country\u2019s democratic traditions.<\/p>\n<\/div>\n<p>[\/et_pb_text][et_pb_text admin_label=&#8221;Text &#8211; Valle Vidal &#8211; Northern New Mexico&#8217;s Living Legacy &#8211; tablet&#8221; background_layout=&#8221;dark&#8221; header_font=&#8221;|||on|&#8221; header_font_size=&#8221;66px&#8221; header_letter_spacing=&#8221;2px&#8221; text_font_size=&#8221;17&#8243; text_line_height=&#8221;1.4em&#8221; custom_margin=&#8221;10px|50px|0px|50px&#8221; custom_padding=&#8221;0px||0px|&#8221; custom_css_main_element=&#8221;text-shadow: 1px 2px 2px #000;&#8221; text_orientation=&#8221;left&#8221; use_border_color=&#8221;off&#8221; border_color=&#8221;#ffffff&#8221; border_style=&#8221;solid&#8221; disabled_on=&#8221;on||on&#8221; disabled=&#8221;off&#8221;]<\/p>\n<div style=\"max-width: 1080px;\">\n<h1 style=\"line-height: 1;\">Valle Vidal<\/h1>\n<h2 style=\"line-height: 1;\">Northern New Mexico&#8217;s Living Legacy<\/h2>\n<p style=\"max-width: 960px;\">Throughout the West, special places \u2013 enchantingly beautiful, priceless, and awe-inspiring \u2013 bring communities together. Imagine your favorite haven now: an ancient forest in the Northwest, a sweeping ridgeline vista in the Intermountain West, or a breathtaking desert canyon in the Southwest. Many of these lands are public lands owned by all of us, and at the root of our country\u2019s democratic traditions.<\/p>\n<\/div>\n<p>[\/et_pb_text][et_pb_text admin_label=&#8221;Text &#8211; Valle Vidal &#8211; Northern New Mexico&#8217;s Living Legacy &#8211; smartphone&#8221; background_layout=&#8221;dark&#8221; header_font=&#8221;|||on|&#8221; header_font_size=&#8221;54px&#8221; header_letter_spacing=&#8221;2px&#8221; text_font_size=&#8221;17&#8243; text_line_height=&#8221;1.4em&#8221; custom_margin=&#8221;10px|30px|0px|40px&#8221; custom_padding=&#8221;0px||0px|&#8221; custom_css_main_element=&#8221;text-shadow: 1px 2px 2px #000;&#8221; text_orientation=&#8221;left&#8221; use_border_color=&#8221;off&#8221; border_color=&#8221;#ffffff&#8221; border_style=&#8221;solid&#8221; disabled=&#8221;off&#8221; disabled_on=&#8221;|on|on&#8221;]<\/p>\n<div style=\"max-width: 1080px;\">\n<h1 style=\"line-height: 1;\">Valle Vidal<\/h1>\n<h2 style=\"line-height: 1.2;\">Northern New Mexico&#8217;s Living Legacy<\/h2>\n<p style=\"max-width: 960px;\">Throughout the West, special places \u2013 enchantingly beautiful, priceless, and awe-inspiring \u2013 bring communities together. Imagine your favorite haven now: an ancient forest in the Northwest, a sweeping ridgeline vista in the Intermountain West, or a breathtaking desert canyon in the Southwest. Many of these lands are public lands owned by all of us, and at the root of our country\u2019s democratic traditions.<\/p>\n<\/div>\n<p>[\/et_pb_text][\/et_pb_column][\/et_pb_row][\/et_pb_section][et_pb_section bb_built=&#8221;1&#8243; admin_label=&#8221;section&#8221; custom_padding=&#8221;30px||30px|&#8221;][et_pb_row admin_label=&#8221;row&#8221; parallax_method_1=&#8221;off&#8221; make_fullwidth=&#8221;off&#8221; use_custom_width=&#8221;off&#8221; width_unit=&#8221;on&#8221; use_custom_gutter=&#8221;off&#8221; allow_player_pause=&#8221;off&#8221; parallax=&#8221;off&#8221; parallax_method=&#8221;on&#8221; make_equal=&#8221;off&#8221; parallax_1=&#8221;off&#8221;][et_pb_column type=&#8221;4_4&#8243;][et_pb_text admin_label=&#8221;Text &#8211; Valle Vidal part 1&#8243; background_layout=&#8221;light&#8221; text_orientation=&#8221;left&#8221; use_border_color=&#8221;off&#8221; border_color=&#8221;#ffffff&#8221; border_style=&#8221;solid&#8221;]<\/p>\n<p>Throughout the West, special places \u2013 enchantingly beautiful, priceless, and awe-inspiring \u2013 bring communities together. Imagine your favorite haven now: an ancient forest in the Northwest, a sweeping ridgeline vista in the Intermountain West, or a breathtaking desert canyon in the Southwest. Many of these lands are public lands owned by all of us, and at the root of our country\u2019s democratic traditions.<\/p>\n<p>As westerners with home bases in New Mexico, Montana, Oregon, and Washington, we know our public lands well. Indeed, our public lands provide us with inspiration each and every day as we wield the full power of the law to safeguard the West\u2019s wildlands, wildlife, and communities. So when a special place comes under threat, we step in to defend it. That&#8217;s precisely what happened a decade ago when the fossil fuel industry sought to lease and drill Northern New Mexico&#8217;s beloved Valle Vidal, the &#8220;Valley of Life,&#8221; for oil and gas.<\/p>\n<p>[\/et_pb_text][\/et_pb_column][\/et_pb_row][\/et_pb_section][et_pb_section bb_built=&#8221;1&#8243; admin_label=&#8221;Section&#8221; custom_padding=&#8221;0px||0px|&#8221;][et_pb_row admin_label=&#8221;Row&#8221; make_fullwidth=&#8221;on&#8221; use_custom_gutter=&#8221;on&#8221; gutter_width=&#8221;1&#8243; custom_padding=&#8221;0px||0px|&#8221; parallax_method_1=&#8221;off&#8221; parallax_method_2=&#8221;off&#8221; use_custom_width=&#8221;off&#8221; width_unit=&#8221;on&#8221; custom_padding_last_edited=&#8221;on|phone&#8221; allow_player_pause=&#8221;off&#8221; parallax=&#8221;off&#8221; parallax_method=&#8221;on&#8221; make_equal=&#8221;off&#8221; parallax_1=&#8221;off&#8221;][et_pb_column type=&#8221;4_4&#8243;][et_pb_image admin_label=&#8221;Image &#8211; Valle Vidal trees&#8221; src=&#8221;https:\/\/westernlaw.org\/wp-content\/uploads\/2017\/07\/ODonnell_NM_CNF_Valle_Vidal_Wetland_Gems_1920x960.jpg&#8221; alt=&#8221;Valle Vidal&#8221; title_text=&#8221;Valle Vidal&#8221; align=&#8221;center&#8221; force_fullwidth=&#8221;on&#8221; disabled_on=&#8221;off|off|off&#8221; custom_margin=&#8221;|10px|10px|10px&#8221; custom_margin_last_edited=&#8221;on|phone&#8221; \/][\/et_pb_column][\/et_pb_row][et_pb_row admin_label=&#8221;Row&#8221; make_fullwidth=&#8221;on&#8221; use_custom_gutter=&#8221;on&#8221; gutter_width=&#8221;1&#8243; custom_padding=&#8221;0px||0px|&#8221; parallax_method_1=&#8221;off&#8221; parallax_method_2=&#8221;off&#8221; use_custom_width=&#8221;off&#8221; width_unit=&#8221;on&#8221; allow_player_pause=&#8221;off&#8221; parallax=&#8221;off&#8221; parallax_method=&#8221;on&#8221; make_equal=&#8221;off&#8221; parallax_1=&#8221;off&#8221; parallax_2=&#8221;off&#8221;][et_pb_column type=&#8221;1_2&#8243;][et_pb_image admin_label=&#8221;Image &#8211; Valle Vidal grasses&#8221; src=&#8221;https:\/\/westernlaw.org\/wp-content\/uploads\/2017\/07\/ODonnell_NM_CNF_Valle_Vidal_Wetland_Gems_Erik_Rachel-182-1.jpg&#8221; alt=&#8221;Valle Vidal grasses&#8221; title_text=&#8221;Valle Vidal grasses&#8221; align=&#8221;center&#8221; force_fullwidth=&#8221;off&#8221; custom_margin=&#8221;|5px|10px|10px&#8221; custom_margin_tablet=&#8221;|10px|10px|10px&#8221; custom_margin_last_edited=&#8221;on|desktop&#8221; show_in_lightbox=&#8221;off&#8221; url_new_window=&#8221;off&#8221; use_overlay=&#8221;off&#8221; animation=&#8221;off&#8221; sticky=&#8221;off&#8221; always_center_on_mobile=&#8221;on&#8221; use_border_color=&#8221;off&#8221; border_color=&#8221;#ffffff&#8221; border_style=&#8221;solid&#8221; \/][\/et_pb_column][et_pb_column type=&#8221;1_2&#8243;][et_pb_image admin_label=&#8221;Image &#8211; Valle Vidal wetland&#8221; src=&#8221;https:\/\/westernlaw.org\/wp-content\/uploads\/2017\/07\/ODonnell_NM_CNF_Valle_Vidal_Wetland_Gems_Erik_Rachel-227-1.jpg&#8221; alt=&#8221;Valle Vidal&#8221; title_text=&#8221;Valle Vidal&#8221; align=&#8221;center&#8221; force_fullwidth=&#8221;on&#8221; custom_margin=&#8221;|10px|10px|5px&#8221; custom_margin_tablet=&#8221;|10px|10px|10px&#8221; custom_margin_last_edited=&#8221;on|desktop&#8221; show_in_lightbox=&#8221;off&#8221; url_new_window=&#8221;off&#8221; use_overlay=&#8221;off&#8221; animation=&#8221;off&#8221; sticky=&#8221;off&#8221; always_center_on_mobile=&#8221;on&#8221; use_border_color=&#8221;off&#8221; border_color=&#8221;#ffffff&#8221; border_style=&#8221;solid&#8221; \/][\/et_pb_column][\/et_pb_row][et_pb_row admin_label=&#8221;Row&#8221; make_fullwidth=&#8221;on&#8221; use_custom_gutter=&#8221;on&#8221; gutter_width=&#8221;1&#8243; custom_padding=&#8221;0px||0px|&#8221; parallax_method_1=&#8221;off&#8221; use_custom_width=&#8221;off&#8221; width_unit=&#8221;on&#8221; allow_player_pause=&#8221;off&#8221; parallax=&#8221;off&#8221; parallax_method=&#8221;on&#8221; make_equal=&#8221;off&#8221; parallax_1=&#8221;off&#8221;][et_pb_column type=&#8221;4_4&#8243;][et_pb_image admin_label=&#8221;Image &#8211; Valle Vidal stream and butte&#8221; src=&#8221;https:\/\/westernlaw.org\/wp-content\/uploads\/2017\/07\/ODonnell_NM_CNF_Valle_Vidal_1920x960.jpg&#8221; alt=&#8221;Valle Vidal stream and butte&#8221; sticky=&#8221;on&#8221; align=&#8221;center&#8221; force_fullwidth=&#8221;on&#8221; custom_margin=&#8221;|10px||10px&#8221; custom_margin_last_edited=&#8221;on|desktop&#8221; show_in_lightbox=&#8221;off&#8221; url_new_window=&#8221;off&#8221; use_overlay=&#8221;off&#8221; animation=&#8221;off&#8221; always_center_on_mobile=&#8221;on&#8221; use_border_color=&#8221;off&#8221; border_color=&#8221;#ffffff&#8221; border_style=&#8221;solid&#8221; \/][\/et_pb_column][\/et_pb_row][\/et_pb_section][et_pb_section bb_built=&#8221;1&#8243; admin_label=&#8221;Section&#8221; custom_padding=&#8221;30px||10px|&#8221; transparent_background=&#8221;off&#8221; allow_player_pause=&#8221;off&#8221; inner_shadow=&#8221;off&#8221; parallax=&#8221;off&#8221; parallax_method=&#8221;on&#8221; custom_padding_last_edited=&#8221;on|phone&#8221; make_fullwidth=&#8221;off&#8221; use_custom_width=&#8221;off&#8221; width_unit=&#8221;on&#8221; make_equal=&#8221;off&#8221; use_custom_gutter=&#8221;off&#8221;][et_pb_row admin_label=&#8221;Row&#8221; make_fullwidth=&#8221;off&#8221; use_custom_width=&#8221;off&#8221; width_unit=&#8221;on&#8221; use_custom_gutter=&#8221;off&#8221; custom_padding=&#8221;||50px|&#8221; allow_player_pause=&#8221;off&#8221; parallax=&#8221;off&#8221; parallax_method=&#8221;on&#8221; make_equal=&#8221;off&#8221; parallax_1=&#8221;off&#8221; parallax_method_1=&#8221;off&#8221; custom_padding_last_edited=&#8221;on|phone&#8221;][et_pb_column type=&#8221;4_4&#8243;][et_pb_text admin_label=&#8221;Text &#8211; Valle Vidal part 1.5 &#8211; ON THE CHOPPING BLOCK&#8221; background_layout=&#8221;light&#8221; text_orientation=&#8221;left&#8221; use_border_color=&#8221;off&#8221; border_color=&#8221;#ffffff&#8221; border_style=&#8221;solid&#8221;]<\/p>\n<h1 style=\"text-align: center;\"><strong>ON THE CHOPPING BLOCK<\/strong><\/h1>\n<p>A 100,000-acre paradise of rolling alpine meadows, aspen groves, high peaks, and forest in the heart of the Sangre de Cristo Mountains, the Valle Vidal \u2013 part of the Carson National Forest \u2013 rests atop fossil resources that were hungrily eyed by a Texas oil and gas company. In 2003, rumors swept through northern New Mexico that this company had reached out to President George W. Bush\u2019s Energy Task Force, chaired by Vice President Dick Cheney, to exploit the Valle Vidal.<\/p>\n<p>[\/et_pb_text][\/et_pb_column][\/et_pb_row][et_pb_row admin_label=&#8221;Row&#8221; make_fullwidth=&#8221;on&#8221; use_custom_gutter=&#8221;on&#8221; gutter_width=&#8221;1&#8243; custom_padding=&#8221;0px||0px|&#8221; custom_margin=&#8221;0px||0px|&#8221; parallax_method_1=&#8221;off&#8221; parallax_method_2=&#8221;off&#8221; use_custom_width=&#8221;off&#8221; width_unit=&#8221;on&#8221; allow_player_pause=&#8221;off&#8221; parallax=&#8221;off&#8221; parallax_method=&#8221;on&#8221; make_equal=&#8221;off&#8221; parallax_1=&#8221;off&#8221; parallax_2=&#8221;off&#8221; custom_padding_last_edited=&#8221;on|phone&#8221;][et_pb_column type=&#8221;1_2&#8243;][et_pb_image admin_label=&#8221;Image &#8211; Valle Vidal Green Hill&#8221; src=&#8221;https:\/\/westernlaw.org\/wp-content\/uploads\/2017\/07\/ODonnell_NM_CNF_Valle_Vidal_water_children-025.jpg&#8221; alt=&#8221;Valle Vidal Green Hill&#8221; force_fullwidth=&#8221;on&#8221; custom_margin=&#8221;|5px|10px|10px&#8221; custom_margin_tablet=&#8221;|10px||10px&#8221; custom_margin_last_edited=&#8221;on|desktop&#8221; \/][\/et_pb_column][et_pb_column type=&#8221;1_2&#8243;][et_pb_image admin_label=&#8221;Image &#8211; Valle Vidal Architecture&#8221; src=&#8221;https:\/\/westernlaw.org\/wp-content\/uploads\/2017\/07\/ODonnell_NM_CNF_Valle_Vidal_water_children-056.jpg&#8221; alt=&#8221;Valle Vidal Architecture&#8221; force_fullwidth=&#8221;on&#8221; custom_margin=&#8221;|10px|10px|5px&#8221; custom_margin_tablet=&#8221;|10px||10px&#8221; custom_margin_last_edited=&#8221;on|desktop&#8221; show_in_lightbox=&#8221;off&#8221; url_new_window=&#8221;off&#8221; use_overlay=&#8221;off&#8221; animation=&#8221;off&#8221; sticky=&#8221;off&#8221; align=&#8221;left&#8221; always_center_on_mobile=&#8221;on&#8221; use_border_color=&#8221;off&#8221; border_color=&#8221;#ffffff&#8221; border_style=&#8221;solid&#8221; \/][\/et_pb_column][\/et_pb_row][et_pb_row admin_label=&#8221;Row&#8221; make_fullwidth=&#8221;on&#8221; use_custom_gutter=&#8221;on&#8221; gutter_width=&#8221;1&#8243; custom_padding=&#8221;0px||0px|&#8221; parallax_method_1=&#8221;off&#8221; parallax_method_2=&#8221;off&#8221; parallax_method_3=&#8221;off&#8221; use_custom_width=&#8221;off&#8221; width_unit=&#8221;on&#8221; custom_padding_last_edited=&#8221;on|phone&#8221; custom_margin_last_edited=&#8221;on|phone&#8221; allow_player_pause=&#8221;off&#8221; parallax=&#8221;off&#8221; parallax_method=&#8221;on&#8221; make_equal=&#8221;off&#8221; parallax_1=&#8221;off&#8221; parallax_2=&#8221;off&#8221; parallax_3=&#8221;off&#8221;][et_pb_column type=&#8221;1_3&#8243;][et_pb_image admin_label=&#8221;Image &#8211; Valle Vidal ladybug on flower&#8221; src=&#8221;https:\/\/westernlaw.org\/wp-content\/uploads\/2017\/07\/ODonnell_NM_CNF_Valle_Vidal_water_children-095-2-1.jpg&#8221; alt=&#8221;Valle Vidal&#8221; title_text=&#8221;Valle Vidal&#8221; show_in_lightbox=&#8221;off&#8221; use_overlay=&#8221;on&#8221; overlay_icon_color=&#8221;#ffffff&#8221; hover_overlay_color=&#8221;rgba(0,0,0,0.5)&#8221; hover_icon=&#8221;%%15%%&#8221; align=&#8221;center&#8221; force_fullwidth=&#8221;off&#8221; custom_margin=&#8221;|5px|10px|10px&#8221; custom_margin_tablet=&#8221;|10px|10px|10px&#8221; custom_margin_last_edited=&#8221;on|desktop&#8221; url_new_window=&#8221;off&#8221; animation=&#8221;off&#8221; sticky=&#8221;off&#8221; always_center_on_mobile=&#8221;on&#8221; use_border_color=&#8221;off&#8221; border_color=&#8221;#ffffff&#8221; border_style=&#8221;solid&#8221; \/][\/et_pb_column][et_pb_column type=&#8221;1_3&#8243;][et_pb_image admin_label=&#8221;Image &#8211; Valle Vidal blackbird&#8221; src=&#8221;https:\/\/westernlaw.org\/wp-content\/uploads\/2017\/07\/ODonnell_NM_CNF_Valle_Vidal_blackbird-960&#215;637.jpg&#8221; alt=&#8221;Valle Vidal&#8221; title_text=&#8221;Valle Vidal&#8221; show_in_lightbox=&#8221;off&#8221; use_overlay=&#8221;on&#8221; overlay_icon_color=&#8221;#ffffff&#8221; hover_overlay_color=&#8221;rgba(0,0,0,0.5)&#8221; hover_icon=&#8221;%%15%%&#8221; align=&#8221;center&#8221; force_fullwidth=&#8221;on&#8221; custom_margin=&#8221;|5px|10px|5px&#8221; custom_margin_tablet=&#8221;|10px|10px|10px&#8221; custom_margin_last_edited=&#8221;on|phone&#8221; url_new_window=&#8221;off&#8221; animation=&#8221;off&#8221; sticky=&#8221;off&#8221; always_center_on_mobile=&#8221;on&#8221; use_border_color=&#8221;off&#8221; border_color=&#8221;#ffffff&#8221; border_style=&#8221;solid&#8221; \/][\/et_pb_column][et_pb_column type=&#8221;1_3&#8243;][et_pb_image admin_label=&#8221;Image &#8211; Valle Vidal elk&#8221; src=&#8221;https:\/\/westernlaw.org\/wp-content\/uploads\/2017\/07\/ODonnell_NM_CNF_Valle_Vidal_water_children-106-1.jpg&#8221; alt=&#8221;Valle Vidal&#8221; title_text=&#8221;Valle Vidal&#8221; show_in_lightbox=&#8221;off&#8221; use_overlay=&#8221;on&#8221; overlay_icon_color=&#8221;#ffffff&#8221; hover_overlay_color=&#8221;rgba(0,0,0,0.5)&#8221; hover_icon=&#8221;%%15%%&#8221; align=&#8221;center&#8221; force_fullwidth=&#8221;on&#8221; custom_margin=&#8221;|10px|10px|5px&#8221; custom_margin_tablet=&#8221;|10px|10px|10px&#8221; custom_margin_last_edited=&#8221;on|phone&#8221; url_new_window=&#8221;off&#8221; animation=&#8221;off&#8221; sticky=&#8221;off&#8221; always_center_on_mobile=&#8221;on&#8221; use_border_color=&#8221;off&#8221; border_color=&#8221;#ffffff&#8221; border_style=&#8221;solid&#8221; \/][\/et_pb_column][\/et_pb_row][\/et_pb_section][et_pb_section bb_built=&#8221;1&#8243; admin_label=&#8221;Section&#8221; custom_padding=&#8221;30px||0px|&#8221; transparent_background=&#8221;off&#8221; allow_player_pause=&#8221;off&#8221; inner_shadow=&#8221;off&#8221; parallax=&#8221;off&#8221; parallax_method=&#8221;on&#8221; custom_padding_last_edited=&#8221;on|phone&#8221; make_fullwidth=&#8221;off&#8221; use_custom_width=&#8221;off&#8221; width_unit=&#8221;on&#8221; make_equal=&#8221;off&#8221; use_custom_gutter=&#8221;off&#8221;][et_pb_row admin_label=&#8221;Row&#8221; make_fullwidth=&#8221;off&#8221; use_custom_width=&#8221;off&#8221; width_unit=&#8221;on&#8221; use_custom_gutter=&#8221;off&#8221; allow_player_pause=&#8221;off&#8221; parallax=&#8221;off&#8221; parallax_method=&#8221;on&#8221; make_equal=&#8221;off&#8221; parallax_1=&#8221;off&#8221; parallax_method_1=&#8221;off&#8221; custom_padding_last_edited=&#8221;on|desktop&#8221; custom_padding=&#8221;0px||50px|&#8221;][et_pb_column type=&#8221;4_4&#8243;][et_pb_text admin_label=&#8221;Text &#8211; Valle Vidal part 1.6 &#8211; coziness&#8221; background_layout=&#8221;light&#8221; text_orientation=&#8221;left&#8221; use_border_color=&#8221;off&#8221; border_color=&#8221;#ffffff&#8221; border_style=&#8221;solid&#8221; custom_padding=&#8221;20px|50px|20px|50px&#8221;]<\/p>\n<p>Given the Bush Administration\u2019s coziness with the oil and gas industry, we were told that drilling in the Valle Vidal was inevitable and that we should try to cut a deal to protect what we could. But, with partners such as our good friends at Amigos Bravos, we talked with the community and received a crystal clear signal: these public lands weren\u2019t for sale. The community\u2019s determination in the face of seemingly impossible odds sparked an amazing, multi-year, community-based campaign. The result: Permanent legislative protection of the Valle Vidal from the threat of oil and gas drilling.<\/p>\n<h5><strong>We tell this story now for a simple reason: we\u2019ve fought hostile administrations in the past, we know how to win, and we\u2019re prepared, now, to stand with you and other Westerners to fight the Trump administration.<\/strong><\/h5>\n<p>[\/et_pb_text][\/et_pb_column][\/et_pb_row][et_pb_row admin_label=&#8221;Row&#8221; make_fullwidth=&#8221;on&#8221; use_custom_gutter=&#8221;on&#8221; gutter_width=&#8221;1&#8243; custom_padding=&#8221;0px||0px|&#8221; parallax_method_1=&#8221;off&#8221;][et_pb_column type=&#8221;4_4&#8243;][et_pb_image admin_label=&#8221;Image &#8211; Valle Vidal person in wilderness&#8221; src=&#8221;https:\/\/westernlaw.org\/wp-content\/uploads\/2017\/07\/ODonnell_NM_CNF_Valle_Vidal_person-in-wilderness-1920&#215;960.jpg&#8221; alt=&#8221;Valle Vidal&#8221; title_text=&#8221;Valle Vidal&#8221; show_in_lightbox=&#8221;off&#8221; use_overlay=&#8221;on&#8221; overlay_icon_color=&#8221;#ffffff&#8221; hover_overlay_color=&#8221;rgba(0,0,0,0.5)&#8221; hover_icon=&#8221;%%15%%&#8221; align=&#8221;center&#8221; force_fullwidth=&#8221;on&#8221; custom_margin=&#8221;|10px|10px|10px&#8221; custom_margin_last_edited=&#8221;on|phone&#8221; url_new_window=&#8221;off&#8221; animation=&#8221;off&#8221; sticky=&#8221;off&#8221; always_center_on_mobile=&#8221;on&#8221; use_border_color=&#8221;off&#8221; border_color=&#8221;#ffffff&#8221; border_style=&#8221;solid&#8221; \/][et_pb_image admin_label=&#8221;Image &#8211; Valle Vidal trees&#8221; src=&#8221;https:\/\/westernlaw.org\/wp-content\/uploads\/2017\/07\/ODonnell_NM_CNF_Valle_Vidal_trees-meadow-1920&#215;960.jpg&#8221; alt=&#8221;Valle Vidal&#8221; title_text=&#8221;Valle Vidal&#8221; show_in_lightbox=&#8221;off&#8221; use_overlay=&#8221;on&#8221; overlay_icon_color=&#8221;#ffffff&#8221; hover_overlay_color=&#8221;rgba(0,0,0,0.5)&#8221; hover_icon=&#8221;%%15%%&#8221; align=&#8221;center&#8221; force_fullwidth=&#8221;on&#8221; custom_margin=&#8221;|10px|10px|10px&#8221; custom_margin_last_edited=&#8221;on|phone&#8221; url_new_window=&#8221;off&#8221; animation=&#8221;off&#8221; sticky=&#8221;off&#8221; always_center_on_mobile=&#8221;on&#8221; use_border_color=&#8221;off&#8221; border_color=&#8221;#ffffff&#8221; border_style=&#8221;solid&#8221; \/][\/et_pb_column][\/et_pb_row][\/et_pb_section][et_pb_section bb_built=&#8221;1&#8243; admin_label=&#8221;section&#8221; custom_padding=&#8221;0px||0px|&#8221; transparent_background=&#8221;off&#8221; allow_player_pause=&#8221;off&#8221; inner_shadow=&#8221;off&#8221; parallax=&#8221;off&#8221; parallax_method=&#8221;on&#8221; make_fullwidth=&#8221;off&#8221; use_custom_width=&#8221;off&#8221; width_unit=&#8221;on&#8221; make_equal=&#8221;off&#8221; use_custom_gutter=&#8221;off&#8221; custom_padding_last_edited=&#8221;on|phone&#8221;][et_pb_row admin_label=&#8221;row&#8221; make_fullwidth=&#8221;on&#8221; use_custom_gutter=&#8221;on&#8221; gutter_width=&#8221;1&#8243; custom_padding=&#8221;0px||0px|&#8221; parallax_method_1=&#8221;off&#8221; parallax_method_2=&#8221;off&#8221;][et_pb_column type=&#8221;1_2&#8243;][et_pb_text admin_label=&#8221;Text &#8211; 1) Know Your Community&#8221; background_layout=&#8221;light&#8221; text_orientation=&#8221;left&#8221; use_border_color=&#8221;off&#8221; border_color=&#8221;#ffffff&#8221; border_style=&#8221;solid&#8221; custom_margin_last_edited=&#8221;on|phone&#8221; custom_padding=&#8221;50px|50px|50px|50px&#8221;]<\/p>\n<h1 style=\"text-align: center;\"><strong>CORNERSTONES OF THE\u00a0CAMPAIGN<\/strong><\/h1>\n<p>The Valle Vidal campaign was grounded in several key principles.<\/p>\n<p>First, know your community. We hired two excellent organizers \u2013 Jim O\u2019Donnell and Oscar Simpson \u2013 to reach out and talk with county and town officials, local ranchers and businesses, sportsmen, boy scouts, and others. And in these conversations, we found common ground: a shared love of the Valle Vidal and the lands watershed, wildlife, recreational, and ranching values. It was this common ground that defined the community\u2019s horror at the prospect of an oil and gas company turning the Valle Vidal into an industrial landscape for the sake of fossil fuel energy that would power the country for a measly 30 hours. Without knowing your community, you risk failure. With community, anything \u2013 including the ability to draw a clear, bold line in the sand even in the face of pressure to \u201ccut a deal\u201d \u2013 is possible.<\/p>\n<p>&nbsp;<\/p>\n<p>[\/et_pb_text][\/et_pb_column][et_pb_column type=&#8221;1_2&#8243;][et_pb_image admin_label=&#8221;Image &#8211; Valle Vidal flowers&#8221; src=&#8221;https:\/\/westernlaw.org\/wp-content\/uploads\/2017\/07\/ODonnell_NM_CNF_Valle_Vidal_flowers-960&#215;663.jpg&#8221; alt=&#8221;Valle Vidal flowers&#8221; show_in_lightbox=&#8221;off&#8221; force_fullwidth=&#8221;on&#8221; custom_margin=&#8221;|10px|10px|10px&#8221; custom_margin_last_edited=&#8221;on|desktop&#8221; url_new_window=&#8221;off&#8221; use_overlay=&#8221;off&#8221; animation=&#8221;off&#8221; sticky=&#8221;on&#8221; align=&#8221;left&#8221; always_center_on_mobile=&#8221;on&#8221; use_border_color=&#8221;off&#8221; border_color=&#8221;#ffffff&#8221; border_style=&#8221;solid&#8221; title_text=&#8221;Valle Vidal flowers&#8221; \/][\/et_pb_column][\/et_pb_row][et_pb_row admin_label=&#8221;Row&#8221; make_fullwidth=&#8221;on&#8221; use_custom_gutter=&#8221;on&#8221; gutter_width=&#8221;1&#8243; custom_padding=&#8221;0px||0px|&#8221; parallax_method_1=&#8221;off&#8221; parallax_method_2=&#8221;off&#8221;][et_pb_column type=&#8221;4_4&#8243;][et_pb_image admin_label=&#8221;Image &#8211; Valle Vidal Big Sky&#8221; src=&#8221;https:\/\/westernlaw.org\/wp-content\/uploads\/2017\/07\/ODonnell_NM_CNF_Valle_Vidal_big-sky-1920&#215;960.jpg&#8221; alt=&#8221;Valle Vidal Big Sky&#8221; title_text=&#8221;Valle Vidal Big Sky&#8221; show_in_lightbox=&#8221;off&#8221; custom_margin=&#8221;|10px|10px|10px&#8221; url_new_window=&#8221;off&#8221; use_overlay=&#8221;off&#8221; animation=&#8221;off&#8221; sticky=&#8221;off&#8221; align=&#8221;left&#8221; force_fullwidth=&#8221;off&#8221; always_center_on_mobile=&#8221;on&#8221; use_border_color=&#8221;off&#8221; border_color=&#8221;#ffffff&#8221; border_style=&#8221;solid&#8221; \/][\/et_pb_column][\/et_pb_row][et_pb_row admin_label=&#8221;Row&#8221; make_fullwidth=&#8221;on&#8221; custom_width_px=&#8221;500px&#8221; use_custom_gutter=&#8221;on&#8221; gutter_width=&#8221;1&#8243; custom_padding=&#8221;0px||0px|&#8221; parallax_method_1=&#8221;off&#8221; parallax_method_2=&#8221;off&#8221;][et_pb_column type=&#8221;1_2&#8243;][et_pb_text admin_label=&#8221;Text &#8211; 2) Build a Coalition&#8221; background_layout=&#8221;light&#8221; text_orientation=&#8221;left&#8221; use_border_color=&#8221;off&#8221; border_color=&#8221;#ffffff&#8221; border_style=&#8221;solid&#8221; custom_padding=&#8221;50px|50px|50px|50px&#8221;]<\/p>\n<h1 style=\"text-align: center;\"><strong>BUILD A COALITION<\/strong><\/h1>\n<p>Second, build a coalition. It isn\u2019t always the most exciting element of advocacy campaigns, but designing a well-functioning coalition is essential to effective coordination and decision making. It allows you to secure resources for organizers, for education and outreach to media and political champions, for scientific and technical experts, and to integrate and harmonize different advocacy strategies. With the Valle Vidal campaign, we relied on a solid group of passionate, exceptional leaders to raise necessary funding and to help navigate the coalition through very complex community, legal, and political dynamics. Building off the community\u2019s core values, the coalition enjoyed the support of more than 400 organizations, businesses, and local governments as well as an astounding 70,000 individuals.<\/p>\n<p>[\/et_pb_text][\/et_pb_column][et_pb_column type=&#8221;1_2&#8243;][et_pb_image admin_label=&#8221;Image &#8211; Valle Vidal Aspens and Mountain&#8221; src=&#8221;https:\/\/westernlaw.org\/wp-content\/uploads\/2017\/07\/ODonnell_NM_CNF_Valle_Vidal_water_children-111.jpg&#8221; alt=&#8221;Valle Vidal Aspens and Mountain&#8221; custom_margin=&#8221;|10px|10px|&#8221; show_in_lightbox=&#8221;off&#8221; url_new_window=&#8221;off&#8221; use_overlay=&#8221;off&#8221; animation=&#8221;off&#8221; sticky=&#8221;off&#8221; align=&#8221;left&#8221; force_fullwidth=&#8221;off&#8221; always_center_on_mobile=&#8221;on&#8221; use_border_color=&#8221;off&#8221; border_color=&#8221;#ffffff&#8221; border_style=&#8221;solid&#8221; custom_margin_tablet=&#8221;|10px|10px|10px&#8221; custom_margin_last_edited=&#8221;on|phone&#8221; \/][\/et_pb_column][\/et_pb_row][et_pb_row admin_label=&#8221;Row&#8221; make_fullwidth=&#8221;on&#8221; use_custom_gutter=&#8221;on&#8221; gutter_width=&#8221;1&#8243; custom_padding=&#8221;0px||0px|&#8221; parallax_method_1=&#8221;off&#8221; parallax_method_2=&#8221;off&#8221; parallax_method_3=&#8221;off&#8221;][et_pb_column type=&#8221;1_3&#8243;][et_pb_image admin_label=&#8221;Image &#8211; Valle Vidal Red Flower&#8221; src=&#8221;https:\/\/westernlaw.org\/wp-content\/uploads\/2017\/07\/ODonnell_NM_CNF_Valle_Vidal-red-flower-960&#215;636.jpg&#8221; alt=&#8221;Valle Vidal Red Flower&#8221; force_fullwidth=&#8221;on&#8221; custom_margin=&#8221;|5px|10px|10px&#8221; custom_margin_tablet=&#8221;|10px|10px|10px&#8221; custom_margin_last_edited=&#8221;on|phone&#8221; show_in_lightbox=&#8221;off&#8221; url_new_window=&#8221;off&#8221; use_overlay=&#8221;off&#8221; animation=&#8221;off&#8221; sticky=&#8221;off&#8221; align=&#8221;left&#8221; always_center_on_mobile=&#8221;on&#8221; use_border_color=&#8221;off&#8221; border_color=&#8221;#ffffff&#8221; border_style=&#8221;solid&#8221; \/][\/et_pb_column][et_pb_column type=&#8221;1_3&#8243;][et_pb_image admin_label=&#8221;Image &#8211; Valle Vidal Stream&#8221; src=&#8221;https:\/\/westernlaw.org\/wp-content\/uploads\/2017\/07\/ODonnell_NM_CNF_Valle_Vidal-stream-960&#215;630.jpg&#8221; alt=&#8221;Valle Vidal Stream&#8221; force_fullwidth=&#8221;on&#8221; custom_margin=&#8221;|5px|10px|5px&#8221; custom_margin_tablet=&#8221;|10px|10px|10px&#8221; custom_margin_last_edited=&#8221;on|desktop&#8221; show_in_lightbox=&#8221;off&#8221; url_new_window=&#8221;off&#8221; use_overlay=&#8221;off&#8221; animation=&#8221;off&#8221; sticky=&#8221;off&#8221; align=&#8221;left&#8221; always_center_on_mobile=&#8221;on&#8221; use_border_color=&#8221;off&#8221; border_color=&#8221;#ffffff&#8221; border_style=&#8221;solid&#8221; \/][\/et_pb_column][et_pb_column type=&#8221;1_3&#8243;][et_pb_image admin_label=&#8221;Image &#8211; Valle Vidal Fertile Stripe&#8221; src=&#8221;https:\/\/westernlaw.org\/wp-content\/uploads\/2017\/07\/ODonnell_NM_CNF_Valle_Vidal-fertile-stripe-960&#215;636.jpg&#8221; alt=&#8221;Valle Vidal Fertile Stripe&#8221; force_fullwidth=&#8221;on&#8221; custom_margin=&#8221;|10px|10px|5px&#8221; custom_margin_tablet=&#8221;|10px|10px|10px&#8221; custom_margin_last_edited=&#8221;on|phone&#8221; show_in_lightbox=&#8221;off&#8221; url_new_window=&#8221;off&#8221; use_overlay=&#8221;off&#8221; animation=&#8221;off&#8221; sticky=&#8221;off&#8221; align=&#8221;left&#8221; always_center_on_mobile=&#8221;on&#8221; use_border_color=&#8221;off&#8221; border_color=&#8221;#ffffff&#8221; border_style=&#8221;solid&#8221; \/][\/et_pb_column][\/et_pb_row][et_pb_row admin_label=&#8221;Row&#8221; make_fullwidth=&#8221;on&#8221; custom_padding=&#8221;0px||0px|&#8221; parallax_method_1=&#8221;off&#8221; parallax_method_2=&#8221;off&#8221; use_custom_width=&#8221;off&#8221; width_unit=&#8221;on&#8221; use_custom_gutter=&#8221;on&#8221; gutter_width=&#8221;1&#8243; allow_player_pause=&#8221;off&#8221; parallax=&#8221;off&#8221; parallax_method=&#8221;on&#8221; make_equal=&#8221;off&#8221; parallax_1=&#8221;off&#8221; parallax_2=&#8221;off&#8221;][et_pb_column type=&#8221;1_2&#8243;][et_pb_text admin_label=&#8221;Text &#8211; 3) Work the Process&#8221; background_layout=&#8221;light&#8221; text_orientation=&#8221;left&#8221; use_border_color=&#8221;off&#8221; border_color=&#8221;#ffffff&#8221; border_style=&#8221;solid&#8221; custom_padding=&#8221;50px|50px|50px|50px&#8221;]<\/p>\n<h1 style=\"text-align: center;\"><strong>WORK THE PROCESS<\/strong><\/h1>\n<p>Third, work the process. Thomas Edison is credited with coining the phrase \u201cvision without execution is hallucination.\u201d Given the odds, we knew that our desire to protect the Valle Vidal, however strong, wasn\u2019t enough; we needed a thoughtful, strategic campaign. We countered the political pressure emanating from the White House not only with the raw power of our coalition, but with savvy, orchestrated use of the law. We used Freedom of Information Act requests to tease out the role of the White House and its conversations with El Paso Corporation. We leveraged bedrock laws such as the National Environmental Policy Act to make sure the Forest Service did not do the White House\u2019s bidding, but rather talked to the public, took a hard look at impacts, and considered community-based alternatives. We creatively used the law to secure watershed protections from New Mexico\u2019s primary water quality regulator, the Water Quality Control Commission, which the Bush Administration had no authority over and could be used to fight back against the prospects of oil and gas drilling. Finally, we understood that for us to truly win, litigation \u2013 while a key tool we would not hesitate to use if appropriate \u2013 would not carry the day; we needed federal legislation that permanently protected the Valle Vidal.<\/p>\n<p>[\/et_pb_text][\/et_pb_column][et_pb_column type=&#8221;1_2&#8243;][et_pb_image admin_label=&#8221;Image &#8211; Valle Vidal One Tree Hill&#8221; src=&#8221;https:\/\/westernlaw.org\/wp-content\/uploads\/2017\/07\/ODonnell_NM_CNF_Valle_Vidal_one-tree-hill-960.jpg&#8221; alt=&#8221;Valle Vidal One Tree Hill&#8221; force_fullwidth=&#8221;on&#8221; custom_margin=&#8221;|10px|10px|&#8221; custom_margin_tablet=&#8221;|10px|10px|10px&#8221; custom_margin_last_edited=&#8221;on|phone&#8221; show_in_lightbox=&#8221;off&#8221; url_new_window=&#8221;off&#8221; use_overlay=&#8221;off&#8221; animation=&#8221;off&#8221; sticky=&#8221;off&#8221; align=&#8221;left&#8221; always_center_on_mobile=&#8221;on&#8221; use_border_color=&#8221;off&#8221; border_color=&#8221;#ffffff&#8221; border_style=&#8221;solid&#8221; \/][\/et_pb_column][\/et_pb_row][et_pb_row admin_label=&#8221;Row&#8221; make_fullwidth=&#8221;on&#8221; use_custom_gutter=&#8221;on&#8221; gutter_width=&#8221;1&#8243; custom_padding=&#8221;0px||0px|&#8221; parallax_method_1=&#8221;off&#8221;][et_pb_column type=&#8221;4_4&#8243;][et_pb_image admin_label=&#8221;Image &#8211; Valle Vidal Landscape&#8221; src=&#8221;https:\/\/westernlaw.org\/wp-content\/uploads\/2017\/07\/ODonnell_NM_CNF_Valle_Vidal_landscape.jpg&#8221; alt=&#8221;Valle Vidal Landscape&#8221; custom_margin=&#8221;|10px|10px|10px&#8221; custom_margin_last_edited=&#8221;on|phone&#8221; show_in_lightbox=&#8221;off&#8221; url_new_window=&#8221;off&#8221; use_overlay=&#8221;off&#8221; animation=&#8221;off&#8221; sticky=&#8221;off&#8221; align=&#8221;left&#8221; force_fullwidth=&#8221;off&#8221; always_center_on_mobile=&#8221;on&#8221; use_border_color=&#8221;off&#8221; border_color=&#8221;#ffffff&#8221; border_style=&#8221;solid&#8221; \/][\/et_pb_column][\/et_pb_row][et_pb_row admin_label=&#8221;Row&#8221; make_fullwidth=&#8221;on&#8221; use_custom_gutter=&#8221;on&#8221; gutter_width=&#8221;1&#8243; custom_padding=&#8221;0px||0px|&#8221; parallax_method_1=&#8221;off&#8221; parallax_method_2=&#8221;off&#8221;][et_pb_column type=&#8221;1_2&#8243;][et_pb_text admin_label=&#8221;Text &#8211; 4) Have Patience&#8221; background_layout=&#8221;light&#8221; text_orientation=&#8221;left&#8221; use_border_color=&#8221;off&#8221; border_color=&#8221;#ffffff&#8221; border_style=&#8221;solid&#8221; custom_padding=&#8221;50px|50px|50px|50px&#8221;]<\/p>\n<h1 style=\"text-align: center;\"><strong>HAVE PATIENCE<\/strong><\/h1>\n<p>Fourth, have patience. Campaigns are difficult and long, taking years of intense work to cultivate community and political support, to participate in agency planning and environmental review processes, to elevate the profile of an issue, and to introduce and ultimately pass legislation. Given this reality, patience is a virtue, allowing you to remain vigilant over time, to not panic, and to calibrate advocacy strategies such that time is your friend. With the Valle Vidal, serious advocacy began in 2003 but our conclusive victory \u2013 legislation \u2013 wasn\u2019t secured until the close of 2006. In fact, securing public lands legislation for the Valle Vidal, in under four years from start to finish, was lightning fast. Patience also helps you make good decisions and to take advantage of shifts in the broader political climate. With the Valle Vidal campaign, we took advantage of the 2006 mid-term elections to put pressure on the entire New Mexico congressional delegation at a time when opposition to the Bush administration\u2019s attacks on our public lands was intensifying. And by having the patience to take advantage of those swirling political dynamics, we secured the unanimous support of our entire congressional delegation \u2013 Democrats and Republicans \u2013 that allowed our legislation to move through Congress without a single vote in opposition and to then be signed, perhaps ironically, by President Bush himself.<\/p>\n<p>[\/et_pb_text][et_pb_text admin_label=&#8221;Text &#8211; Conclusion &#8211; NEVER GIVE UP&#8221; background_layout=&#8221;light&#8221; text_orientation=&#8221;left&#8221; use_border_color=&#8221;off&#8221; border_color=&#8221;#ffffff&#8221; border_style=&#8221;solid&#8221; custom_padding=&#8221;50px|50px|50px|50px&#8221;]<\/p>\n<h1 style=\"text-align: center;\"><strong>NEVER GIVE UP<\/strong><\/h1>\n<p>We think the story of the Valle Vidal Campaign is helpful as we find ourselves facing the Trump Administration, which has moved aggressively to install pro-fossil fuel decision-makers in positions of power and to dismantle our bedrock conservation laws and policies essential to the protection of our public lands. We\u2019ve faced similar threats in the past. To be clear, we do believe the Trump Administration presents new challenges, including to the very fabric of our democracy. But regardless of those challenges, we know that wielding the full power of the law hand-in-glove with communities is a tried-and-true strategy.<\/p>\n<p>The Valle Vidal was protected despite a hostile presidential administration and House of Representatives. That protection will last forever. At the Western Environmental Law Center, we know we will outlast the current administration and with every ounce of energy we possess, we will resist the administration\u2019s attacks and continue our steady, strategic advocacy to secure lasting, durable protections for the West\u2019s wildlands, wildlife, and communities. Together, we are strong; we are unified; and we will prevail.<\/p>\n<p>[\/et_pb_text][\/et_pb_column][et_pb_column type=&#8221;1_2&#8243;][et_pb_image admin_label=&#8221;Image &#8211; Valle Vidal Vertical Landscape 1&#8243; src=&#8221;https:\/\/westernlaw.org\/wp-content\/uploads\/2017\/07\/ODonnell_NM_CNF_Valle_Vidal_Wetland_Gems_Erik_Rachel-303-1.jpg&#8221; alt=&#8221;Valle Vidal Vertical Landscape 1&#8243; custom_margin=&#8221;|10px|10px|&#8221; custom_margin_tablet=&#8221;|10px|10px|10px&#8221; custom_margin_last_edited=&#8221;on|phone&#8221; show_in_lightbox=&#8221;off&#8221; url_new_window=&#8221;off&#8221; use_overlay=&#8221;off&#8221; animation=&#8221;off&#8221; sticky=&#8221;off&#8221; align=&#8221;left&#8221; force_fullwidth=&#8221;off&#8221; always_center_on_mobile=&#8221;on&#8221; use_border_color=&#8221;off&#8221; border_color=&#8221;#ffffff&#8221; border_style=&#8221;solid&#8221; \/][\/et_pb_column][\/et_pb_row][et_pb_row admin_label=&#8221;Row&#8221; make_fullwidth=&#8221;on&#8221; use_custom_gutter=&#8221;on&#8221; gutter_width=&#8221;1&#8243; custom_padding=&#8221;0px||0px|&#8221; parallax_method_1=&#8221;off&#8221;][et_pb_column type=&#8221;4_4&#8243;][et_pb_image admin_label=&#8221;Image &#8211; Valle Vidal Wooded Slope&#8221; src=&#8221;https:\/\/westernlaw.org\/wp-content\/uploads\/2017\/07\/ODonnell_NM_CNF_Valle_Vidal_wooded-slope-1920&#215;960.jpg&#8221; alt=&#8221;Valle Vidal Wooded Slope&#8221; show_in_lightbox=&#8221;off&#8221; url_new_window=&#8221;off&#8221; use_overlay=&#8221;off&#8221; animation=&#8221;off&#8221; sticky=&#8221;off&#8221; align=&#8221;left&#8221; force_fullwidth=&#8221;off&#8221; always_center_on_mobile=&#8221;on&#8221; use_border_color=&#8221;off&#8221; border_color=&#8221;#ffffff&#8221; border_style=&#8221;solid&#8221; custom_margin_last_edited=&#8221;on|phone&#8221; \/][et_pb_text admin_label=&#8221;Photo Credits&#8221; background_layout=&#8221;dark&#8221; text_orientation=&#8221;center&#8221; use_border_color=&#8221;off&#8221; border_color=&#8221;#ffffff&#8221; border_style=&#8221;solid&#8221; header_font_size=&#8221;40px&#8221; header_font_size_last_edited=&#8221;off|phone&#8221; saved_tabs=&#8221;all&#8221;]<\/p>\n<p>&nbsp;<\/p>\n<p>&nbsp;<\/p>\n<p><span style=\"color: #333333;\"><em>Many thanks to Jim O&#8217;Donnell, whose photos appear here, and who proved instrumental in securing protections for the Valle Vidal.<\/em><\/span><\/p>\n<p>&nbsp;<\/p>\n<p>&nbsp;<\/p>\n<p>[\/et_pb_text][\/et_pb_column][\/et_pb_row][\/et_pb_section]<\/p>\n","protected":false},"excerpt":{"rendered":"<p>Valle Vidal Northern New Mexico&#8217;s Living Legacy Throughout the West, special places \u2013 enchantingly beautiful, priceless, and awe-inspiring \u2013 bring communities together. Imagine your favorite haven now: an ancient forest in the Northwest, a sweeping ridgeline vista in the Intermountain West, or a breathtaking desert canyon in the Southwest. Many of these lands are public [&hellip;]<\/p>\n","protected":false},"author":20,"featured_media":0,"parent":0,"menu_order":0,"comment_status":"closed","ping_status":"closed","template":"","meta":{"_et_pb_use_builder":"on","_et_pb_old_content":"[smart-grid style=\"11\" font_type=\"google\" google_font=\"lato\" font_color=\"#000000\" lightbox=\"magnific-popup\"]\r\n\r\n[gallery columns=\"2\" size=\"medium\" link=\"none\" ids=\"17604,17574,17572,17570,17569,17568,17566,17563\"]\r\n\r\n[\/smart-grid]","_et_gb_content_width":"","_monsterinsights_skip_tracking":false,"_monsterinsights_sitenote_active":false,"_monsterinsights_sitenote_note":"","_monsterinsights_sitenote_category":0,"footnotes":""},"categories":[],"tags":[],"class_list":["post-17602","page","type-page","status-publish","hentry"],"yoast_head":"<!-- This site is optimized with the Yoast SEO plugin v27.5 - https:\/\/yoast.com\/product\/yoast-seo-wordpress\/ -->\n<title>Valle Vidal: Northern New Mexico&#039;s Living Legacy - Western Environmental Law Center<\/title>\n<meta name=\"description\" content=\"WELC celebrates the 10-year anniversary of permanently protecting New Mexico&#039;s Valle Vidal with gorgeous images and a story of triumph against all odds.\" \/>\n<meta name=\"robots\" content=\"index, follow, max-snippet:-1, max-image-preview:large, max-video-preview:-1\" \/>\n<link rel=\"canonical\" href=\"https:\/\/westernlaw.org\/es\/valle-vidal-photojournalism-project\/\" \/>\n<meta property=\"og:locale\" content=\"es_MX\" \/>\n<meta property=\"og:type\" content=\"article\" \/>\n<meta property=\"og:title\" content=\"Valle Vidal: Northern New Mexico&#039;s Living Legacy - Western Environmental Law Center\" \/>\n<meta property=\"og:description\" content=\"WELC celebrates the 10-year anniversary of permanently protecting New Mexico&#039;s Valle Vidal with gorgeous images and a story of triumph against all odds.\" \/>\n<meta property=\"og:url\" content=\"https:\/\/westernlaw.org\/es\/valle-vidal-photojournalism-project\/\" \/>\n<meta property=\"og:site_name\" content=\"Western Environmental Law Center\" \/>\n<meta property=\"article:publisher\" content=\"https:\/\/www.facebook.com\/westernlaw\/\" \/>\n<meta property=\"article:modified_time\" content=\"2018-06-07T20:51:11+00:00\" \/>\n<meta property=\"og:image\" content=\"https:\/\/westernlaw.org\/wp-content\/uploads\/2023\/03\/WELC-General-FB-Default.jpg\" \/>\n\t<meta property=\"og:image:width\" content=\"1200\" \/>\n\t<meta property=\"og:image:height\" content=\"628\" \/>\n\t<meta property=\"og:image:type\" content=\"image\/jpeg\" \/>\n<meta name=\"twitter:card\" content=\"summary_large_image\" \/>\n<meta name=\"twitter:site\" content=\"@westernlaw\" \/>\n<meta name=\"twitter:label1\" content=\"Tiempo de lectura\" \/>\n\t<meta name=\"twitter:data1\" content=\"25 minutos\" \/>\n<script type=\"application\/ld+json\" class=\"yoast-schema-graph\">{\"@context\":\"https:\\\/\\\/schema.org\",\"@graph\":[{\"@type\":\"WebPage\",\"@id\":\"https:\\\/\\\/westernlaw.org\\\/valle-vidal-photojournalism-project\\\/\",\"url\":\"https:\\\/\\\/westernlaw.org\\\/valle-vidal-photojournalism-project\\\/\",\"name\":\"Valle Vidal: Northern New Mexico's Living Legacy - Western Environmental Law Center\",\"isPartOf\":{\"@id\":\"https:\\\/\\\/westernlaw.org\\\/#website\"},\"datePublished\":\"2017-07-25T20:46:47+00:00\",\"dateModified\":\"2018-06-07T20:51:11+00:00\",\"description\":\"WELC celebrates the 10-year anniversary of permanently protecting New Mexico's Valle Vidal with gorgeous images and a story of triumph against all odds.\",\"breadcrumb\":{\"@id\":\"https:\\\/\\\/westernlaw.org\\\/valle-vidal-photojournalism-project\\\/#breadcrumb\"},\"inLanguage\":\"es\",\"potentialAction\":[{\"@type\":\"ReadAction\",\"target\":[\"https:\\\/\\\/westernlaw.org\\\/valle-vidal-photojournalism-project\\\/\"]}]},{\"@type\":\"BreadcrumbList\",\"@id\":\"https:\\\/\\\/westernlaw.org\\\/valle-vidal-photojournalism-project\\\/#breadcrumb\",\"itemListElement\":[{\"@type\":\"ListItem\",\"position\":1,\"name\":\"Home\",\"item\":\"https:\\\/\\\/westernlaw.org\\\/\"},{\"@type\":\"ListItem\",\"position\":2,\"name\":\"Valle Vidal: Northern New Mexico&#8217;s Living Legacy\"}]},{\"@type\":\"WebSite\",\"@id\":\"https:\\\/\\\/westernlaw.org\\\/#website\",\"url\":\"https:\\\/\\\/westernlaw.org\\\/\",\"name\":\"Western Environmental Law Center\",\"description\":\"Defending the West\",\"publisher\":{\"@id\":\"https:\\\/\\\/westernlaw.org\\\/#organization\"},\"potentialAction\":[{\"@type\":\"SearchAction\",\"target\":{\"@type\":\"EntryPoint\",\"urlTemplate\":\"https:\\\/\\\/westernlaw.org\\\/?s={search_term_string}\"},\"query-input\":{\"@type\":\"PropertyValueSpecification\",\"valueRequired\":true,\"valueName\":\"search_term_string\"}}],\"inLanguage\":\"es\"},{\"@type\":\"Organization\",\"@id\":\"https:\\\/\\\/westernlaw.org\\\/#organization\",\"name\":\"Western Environmental Law Center\",\"url\":\"https:\\\/\\\/westernlaw.org\\\/\",\"logo\":{\"@type\":\"ImageObject\",\"inLanguage\":\"es\",\"@id\":\"https:\\\/\\\/westernlaw.org\\\/#\\\/schema\\\/logo\\\/image\\\/\",\"url\":\"https:\\\/\\\/westernlaw.org\\\/wp-content\\\/uploads\\\/2017\\\/03\\\/WELC-logo-600-1.png\",\"contentUrl\":\"https:\\\/\\\/westernlaw.org\\\/wp-content\\\/uploads\\\/2017\\\/03\\\/WELC-logo-600-1.png\",\"width\":600,\"height\":600,\"caption\":\"Western Environmental Law Center\"},\"image\":{\"@id\":\"https:\\\/\\\/westernlaw.org\\\/#\\\/schema\\\/logo\\\/image\\\/\"},\"sameAs\":[\"https:\\\/\\\/www.facebook.com\\\/westernlaw\\\/\",\"https:\\\/\\\/x.com\\\/westernlaw\",\"https:\\\/\\\/www.instagram.com\\\/welc_org\\\/\"]}]}<\/script>\n<!-- \/ Yoast SEO plugin. -->","yoast_head_json":{"title":"Valle Vidal: El legado vivo del norte de Nuevo M\u00e9xico - Centro de Derecho Ambiental del Oeste","description":"WELC celebra el d\u00e9cimo aniversario de la protecci\u00f3n permanente del Valle Vidal de Nuevo M\u00e9xico con hermosas im\u00e1genes y una historia de triunfo contra todo pron\u00f3stico.","robots":{"index":"index","follow":"follow","max-snippet":"max-snippet:-1","max-image-preview":"max-image-preview:large","max-video-preview":"max-video-preview:-1"},"canonical":"https:\/\/westernlaw.org\/es\/valle-vidal-photojournalism-project\/","og_locale":"es_MX","og_type":"article","og_title":"Valle Vidal: Northern New Mexico's Living Legacy - Western Environmental Law Center","og_description":"WELC celebrates the 10-year anniversary of permanently protecting New Mexico's Valle Vidal with gorgeous images and a story of triumph against all odds.","og_url":"https:\/\/westernlaw.org\/es\/valle-vidal-photojournalism-project\/","og_site_name":"Western Environmental Law Center","article_publisher":"https:\/\/www.facebook.com\/westernlaw\/","article_modified_time":"2018-06-07T20:51:11+00:00","og_image":[{"width":1200,"height":628,"url":"https:\/\/westernlaw.org\/wp-content\/uploads\/2023\/03\/WELC-General-FB-Default.jpg","type":"image\/jpeg"}],"twitter_card":"summary_large_image","twitter_site":"@westernlaw","twitter_misc":{"Tiempo de lectura":"25 minutos"},"schema":{"@context":"https:\/\/schema.org","@graph":[{"@type":"WebPage","@id":"https:\/\/westernlaw.org\/valle-vidal-photojournalism-project\/","url":"https:\/\/westernlaw.org\/valle-vidal-photojournalism-project\/","name":"Valle Vidal: El legado vivo del norte de Nuevo M\u00e9xico - Centro de Derecho Ambiental del Oeste","isPartOf":{"@id":"https:\/\/westernlaw.org\/#website"},"datePublished":"2017-07-25T20:46:47+00:00","dateModified":"2018-06-07T20:51:11+00:00","description":"WELC celebra el d\u00e9cimo aniversario de la protecci\u00f3n permanente del Valle Vidal de Nuevo M\u00e9xico con hermosas im\u00e1genes y una historia de triunfo contra todo pron\u00f3stico.","breadcrumb":{"@id":"https:\/\/westernlaw.org\/valle-vidal-photojournalism-project\/#breadcrumb"},"inLanguage":"es","potentialAction":[{"@type":"ReadAction","target":["https:\/\/westernlaw.org\/valle-vidal-photojournalism-project\/"]}]},{"@type":"BreadcrumbList","@id":"https:\/\/westernlaw.org\/valle-vidal-photojournalism-project\/#breadcrumb","itemListElement":[{"@type":"ListItem","position":1,"name":"Home","item":"https:\/\/westernlaw.org\/"},{"@type":"ListItem","position":2,"name":"Valle Vidal: Northern New Mexico&#8217;s Living Legacy"}]},{"@type":"WebSite","@id":"https:\/\/westernlaw.org\/#website","url":"https:\/\/westernlaw.org\/","name":"Centro de Derecho Ambiental Occidental","description":"Defendemos el Oeste","publisher":{"@id":"https:\/\/westernlaw.org\/#organization"},"potentialAction":[{"@type":"SearchAction","target":{"@type":"EntryPoint","urlTemplate":"https:\/\/westernlaw.org\/?s={search_term_string}"},"query-input":{"@type":"PropertyValueSpecification","valueRequired":true,"valueName":"search_term_string"}}],"inLanguage":"es"},{"@type":"Organization","@id":"https:\/\/westernlaw.org\/#organization","name":"Centro de Derecho Ambiental Occidental","url":"https:\/\/westernlaw.org\/","logo":{"@type":"ImageObject","inLanguage":"es","@id":"https:\/\/westernlaw.org\/#\/schema\/logo\/image\/","url":"https:\/\/westernlaw.org\/wp-content\/uploads\/2017\/03\/WELC-logo-600-1.png","contentUrl":"https:\/\/westernlaw.org\/wp-content\/uploads\/2017\/03\/WELC-logo-600-1.png","width":600,"height":600,"caption":"Western Environmental Law Center"},"image":{"@id":"https:\/\/westernlaw.org\/#\/schema\/logo\/image\/"},"sameAs":["https:\/\/www.facebook.com\/westernlaw\/","https:\/\/x.com\/westernlaw","https:\/\/www.instagram.com\/welc_org\/"]}]}},"_links":{"self":[{"href":"https:\/\/westernlaw.org\/es\/wp-json\/wp\/v2\/pages\/17602","targetHints":{"allow":["GET"]}}],"collection":[{"href":"https:\/\/westernlaw.org\/es\/wp-json\/wp\/v2\/pages"}],"about":[{"href":"https:\/\/westernlaw.org\/es\/wp-json\/wp\/v2\/types\/page"}],"author":[{"embeddable":true,"href":"https:\/\/westernlaw.org\/es\/wp-json\/wp\/v2\/users\/20"}],"replies":[{"embeddable":true,"href":"https:\/\/westernlaw.org\/es\/wp-json\/wp\/v2\/comments?post=17602"}],"version-history":[{"count":166,"href":"https:\/\/westernlaw.org\/es\/wp-json\/wp\/v2\/pages\/17602\/revisions"}],"predecessor-version":[{"id":18921,"href":"https:\/\/westernlaw.org\/es\/wp-json\/wp\/v2\/pages\/17602\/revisions\/18921"}],"wp:attachment":[{"href":"https:\/\/westernlaw.org\/es\/wp-json\/wp\/v2\/media?parent=17602"}],"wp:term":[{"taxonomy":"category","embeddable":true,"href":"https:\/\/westernlaw.org\/es\/wp-json\/wp\/v2\/categories?post=17602"},{"taxonomy":"post_tag","embeddable":true,"href":"https:\/\/westernlaw.org\/es\/wp-json\/wp\/v2\/tags?post=17602"}],"curies":[{"name":"gracias","href":"https:\/\/api.w.org\/{rel}","templated":true}]}}